{"id":225825,"date":"2022-02-22T16:09:04","date_gmt":"2022-02-22T15:09:04","guid":{"rendered":"http:\/\/notarisklerken-basochebe.webhosting.be\/agenda\/familiedag-2021-leuven-heverlee\/"},"modified":"2022-09-15T11:34:28","modified_gmt":"2022-09-15T10:34:28","slug":"familiedag-2021-leuven-heverlee","status":"publish","type":"mec-events","link":"https:\/\/notarisklerken-basoche.be\/fr\/events\/familiedag-2021-leuven-heverlee\/","title":{"rendered":"Journ\u00e9e Familles 2021 &#8211;  Louvain (Heverlee)"},"content":{"rendered":"<p>La Journ\u00e9e Familles n\u2019a pas pu avoir lieu l\u2019ann\u00e9e pass\u00e9e, mais cette fois-ci, nous avons enfin le plaisir de pouvoir nous retrouver.<\/p>\n<p>Notre Journ\u00e9e Familles 2021 se tiendra\u00a0<strong>le samedi 18 septembre 2021\u00a0<\/strong>dans le domaine \u00ab\u00a0<strong>L\u2019Abbaye du Parc<\/strong>\u00a0\u00bb\u00a0<strong>\u00e0 Leuven (Heverlee),<\/strong>\u00a0Abdij van Park 4 (<a href=\"http:\/\/www.visitleuven.be\/abdijvanpark\">www.visitleuven.be\/abdijvanpark<\/a>).<\/p>\n<p>Le samedi 18 septembre 2021, nous invitons les membres et les non-membres de notre association professionnelle au programme suivant et nous nous retrouvons \u00e0 la Brasserie De Abdijmolen \u00e0 partir de 9h30 :<\/p>\n<ul>\n<li>Pour les membres de la Basoche, une assembl\u00e9e g\u00e9n\u00e9rale est pr\u00e9vue : signature de la liste des pr\u00e9sences de\u00a0<strong>9h30<\/strong>\u00a0\u00e0 10h00 \u2013 une invitation particuli\u00e8re sera envoy\u00e9e \u00e0 ce sujet s\u00e9par\u00e9ment (merci aux membres de d\u00e9j\u00e0 noter la date \u00e0 vos agendas).<\/li>\n<li>Pour les accompagnants de membres et les non-membres ainsi que leurs enfants, une visite de l\u2019Abbaye du Parc sera organis\u00e9e.<\/li>\n<li><strong>A 12h30\u00a0:\u00a0<\/strong>lunch (soupe \u2013 plat principal \u2013 1 boisson) pour tout le monde \u00e0 la brasserie Abdijmolen.<\/li>\n<li><strong>A 14h00<\/strong>\u00a0: Promenade dans le large domaine de l\u2019Abbaye du Parc\u00a0; cette visite\u00a0 avec guide vous m\u00e8ne le long du moulin, des portails, de la grange dimi\u00e8re, des \u00e9tangs et de la brasserie.<\/li>\n<li><strong>Vers 16h30\u00a0:<\/strong>\u00a0Rendez-vous \u00e0 tous \u00e0 la brasserie autour d\u2019un morceau de tarte et d\u2019un caf\u00e9 (ou d\u2019une bonne bi\u00e8re\u2026)<\/li>\n<li>Fin des activit\u00e9s vers 17h30.<\/li>\n<\/ul>\n<p>Comme nous n\u2019avons pas eu l\u2019occasion de nous voir l\u2019ann\u00e9e pass\u00e9e, nous comptons bien vous revoir en nombre cette ann\u00e9e, avec pour seul bagage votre bonne humeur et le plaisir du partage toujours renouvel\u00e9.<\/p>\n<p>Nous attendons votre inscription au plus tard le 31 ao\u00fbt 2021, ainsi que votre participation financi\u00e8re.<\/p>\n<p>Pour tout renseignement compl\u00e9mentaire, n\u2019h\u00e9sitez pas \u00e0 nous contacter aux adresses mails mentionn\u00e9es ci-dessous.<\/p>\n<p>Au nom du Comit\u00e9 \u00ab\u00a0Journ\u00e9e Familles\u00a0\u00bb<\/p>\n<hr \/>\n<p><strong>Personnes de contact :<\/strong><\/p>\n<p>Christiaan Lenaerts \u2013 Doleegstraat 22 \u2013 3001 Louvain (Heverlee)<br \/>\n<a href=\"mailto:christiaan.lenaerts@telenet.be\">christiaan.lenaerts@telenet.be<\/a><\/p>\n<p>Ludwig Rasschaert \u2013 Stooktewegel 12\u00a0 &#8211;\u00a0 9230\u00a0 Wetteren<br \/>\n<a href=\"mailto:basochesecr@belgacom.net\">basochesecr@belgacom.net<\/a><\/p>\n","protected":false},"excerpt":{"rendered":"<p>L&#8217;ann\u00e9e derni\u00e8re, il \u00e9tait impossible d&#8217;organiser une journ\u00e9e familiale, mais cette ann\u00e9e, cela devrait \u00eatre possible. Et tout le monde a besoin de se revoir et de rattraper le temps perdu.<\/p>\n","protected":false},"author":2,"featured_media":225138,"comment_status":"closed","ping_status":"closed","template":"","meta":{"_et_pb_use_builder":"","_et_pb_old_content":"La Journ\u00e9e Familles n\u2019a pas pu avoir lieu l\u2019ann\u00e9e pass\u00e9e, mais cette fois-ci, nous avons enfin le plaisir de pouvoir nous retrouver.\r\n\r\nNotre Journ\u00e9e Familles 2021 se tiendra\u00a0<strong>le samedi 18 septembre 2021\u00a0<\/strong>dans le domaine \u00ab\u00a0<strong>L\u2019Abbaye du Parc<\/strong>\u00a0\u00bb\u00a0<strong>\u00e0 Leuven (Heverlee),<\/strong>\u00a0Abdij van Park 4 (<a href=\"http:\/\/www.visitleuven.be\/abdijvanpark\">www.visitleuven.be\/abdijvanpark<\/a>).\r\n\r\nLe samedi 18 septembre 2021, nous invitons les membres et les non-membres de notre association professionnelle au programme suivant et nous nous retrouvons \u00e0 la Brasserie De Abdijmolen \u00e0 partir de 9h30 :\r\n<ul>\r\n \t<li>Pour les membres de la Basoche, une assembl\u00e9e g\u00e9n\u00e9rale est pr\u00e9vue : signature de la liste des pr\u00e9sences de\u00a0<strong>9h30<\/strong>\u00a0\u00e0 10h00 \u2013 une invitation particuli\u00e8re sera envoy\u00e9e \u00e0 ce sujet s\u00e9par\u00e9ment (merci aux membres de d\u00e9j\u00e0 noter la date \u00e0 vos agendas).<\/li>\r\n \t<li>Pour les accompagnants de membres et les non-membres ainsi que leurs enfants, une visite de l\u2019Abbaye du Parc sera organis\u00e9e.<\/li>\r\n \t<li><strong>A 12h30\u00a0:\u00a0<\/strong>lunch (soupe \u2013 plat principal \u2013 1 boisson) pour tout le monde \u00e0 la brasserie Abdijmolen.<\/li>\r\n \t<li><strong>A 14h00<\/strong>\u00a0: Promenade dans le large domaine de l\u2019Abbaye du Parc\u00a0; cette visite\u00a0 avec guide vous m\u00e8ne le long du moulin, des portails, de la grange dimi\u00e8re, des \u00e9tangs et de la brasserie.<\/li>\r\n \t<li><strong>Vers 16h30\u00a0:<\/strong>\u00a0Rendez-vous \u00e0 tous \u00e0 la brasserie autour d\u2019un morceau de tarte et d\u2019un caf\u00e9 (ou d\u2019une bonne bi\u00e8re\u2026)<\/li>\r\n \t<li>Fin des activit\u00e9s vers 17h30.<\/li>\r\n<\/ul>\r\nComme nous n\u2019avons pas eu l\u2019occasion de nous voir l\u2019ann\u00e9e pass\u00e9e, nous comptons bien vous revoir en nombre cette ann\u00e9e, avec pour seul bagage votre bonne humeur et le plaisir du partage toujours renouvel\u00e9.\r\n\r\nNous attendons votre inscription au plus tard le 31 ao\u00fbt 2021, ainsi que votre participation financi\u00e8re.\r\n\r\nPour tout renseignement compl\u00e9mentaire, n\u2019h\u00e9sitez pas \u00e0 nous contacter aux adresses mails mentionn\u00e9es ci-dessous.\r\n\r\nAu nom du Comit\u00e9 \u00ab\u00a0Journ\u00e9e Familles\u00a0\u00bb\r\n\r\n<hr \/>\r\n\r\n<strong>Personnes de contact :<\/strong>\r\n\r\nChristiaan Lenaerts \u2013 Doleegstraat 22 \u2013 3001 Louvain (Heverlee)\r\n<a href=\"mailto:christiaan.lenaerts@telenet.be\">christiaan.lenaerts@telenet.be<\/a>\r\n\r\nLudwig Rasschaert \u2013 Stooktewegel 12\u00a0 -\u00a0 9230\u00a0 Wetteren\r\n<a href=\"mailto:basochesecr@belgacom.net\">basochesecr@belgacom.net<\/a>","_et_gb_content_width":""},"tags":[],"mec_category":[78],"class_list":["post-225825","mec-events","type-mec-events","status-publish","has-post-thumbnail","hentry","mec_category-familiedagen-fr"],"yoast_head":"<!-- This site is optimized with the Yoast SEO plugin v27.4 - https:\/\/yoast.com\/product\/yoast-seo-wordpress\/ -->\n<title>Journ\u00e9e Familles 2021 - Louvain (Heverlee) - NotarisKlerken Basoche<\/title>\n<meta name=\"robots\" content=\"index, follow, max-snippet:-1, max-image-preview:large, max-video-preview:-1\" \/>\n<link rel=\"canonical\" href=\"https:\/\/notarisklerken-basoche.be\/fr\/events\/familiedag-2021-leuven-heverlee\/\" \/>\n<meta property=\"og:locale\" content=\"fr_FR\" \/>\n<meta property=\"og:type\" content=\"article\" \/>\n<meta property=\"og:title\" content=\"Journ\u00e9e Familles 2021 - Louvain (Heverlee) - NotarisKlerken Basoche\" \/>\n<meta property=\"og:description\" content=\"L&#039;ann\u00e9e derni\u00e8re, il \u00e9tait impossible d&#039;organiser une journ\u00e9e familiale, mais cette ann\u00e9e, cela devrait \u00eatre possible. Et tout le monde a besoin de se revoir et de rattraper le temps perdu.\" \/>\n<meta property=\"og:url\" content=\"https:\/\/notarisklerken-basoche.be\/fr\/events\/familiedag-2021-leuven-heverlee\/\" \/>\n<meta property=\"og:site_name\" content=\"NotarisKlerken Basoche\" \/>\n<meta property=\"article:modified_time\" content=\"2022-09-15T10:34:28+00:00\" \/>\n<meta property=\"og:image\" content=\"https:\/\/notarisklerken-basoche.be\/wp-content\/uploads\/Familiedag-2021-2.jpg\" \/>\n\t<meta property=\"og:image:width\" content=\"1024\" \/>\n\t<meta property=\"og:image:height\" content=\"683\" \/>\n\t<meta property=\"og:image:type\" content=\"image\/jpeg\" \/>\n<meta name=\"twitter:card\" content=\"summary_large_image\" \/>\n<meta name=\"twitter:label1\" content=\"Dur\u00e9e de lecture estim\u00e9e\" \/>\n\t<meta name=\"twitter:data1\" content=\"2 minutes\" \/>\n<script type=\"application\/ld+json\" class=\"yoast-schema-graph\">{\"@context\":\"https:\\\/\\\/schema.org\",\"@graph\":[{\"@type\":\"WebPage\",\"@id\":\"https:\\\/\\\/notarisklerken-basoche.be\\\/fr\\\/events\\\/familiedag-2021-leuven-heverlee\\\/\",\"url\":\"https:\\\/\\\/notarisklerken-basoche.be\\\/fr\\\/events\\\/familiedag-2021-leuven-heverlee\\\/\",\"name\":\"Journ\u00e9e Familles 2021 - Louvain (Heverlee) - NotarisKlerken Basoche\",\"isPartOf\":{\"@id\":\"https:\\\/\\\/notarisklerken-basoche.be\\\/#website\"},\"primaryImageOfPage\":{\"@id\":\"https:\\\/\\\/notarisklerken-basoche.be\\\/fr\\\/events\\\/familiedag-2021-leuven-heverlee\\\/#primaryimage\"},\"image\":{\"@id\":\"https:\\\/\\\/notarisklerken-basoche.be\\\/fr\\\/events\\\/familiedag-2021-leuven-heverlee\\\/#primaryimage\"},\"thumbnailUrl\":\"https:\\\/\\\/notarisklerken-basoche.be\\\/wp-content\\\/uploads\\\/Familiedag-2021-2.jpg\",\"datePublished\":\"2022-02-22T15:09:04+00:00\",\"dateModified\":\"2022-09-15T10:34:28+00:00\",\"breadcrumb\":{\"@id\":\"https:\\\/\\\/notarisklerken-basoche.be\\\/fr\\\/events\\\/familiedag-2021-leuven-heverlee\\\/#breadcrumb\"},\"inLanguage\":\"fr-FR\",\"potentialAction\":[{\"@type\":\"ReadAction\",\"target\":[\"https:\\\/\\\/notarisklerken-basoche.be\\\/fr\\\/events\\\/familiedag-2021-leuven-heverlee\\\/\"]}]},{\"@type\":\"ImageObject\",\"inLanguage\":\"fr-FR\",\"@id\":\"https:\\\/\\\/notarisklerken-basoche.be\\\/fr\\\/events\\\/familiedag-2021-leuven-heverlee\\\/#primaryimage\",\"url\":\"https:\\\/\\\/notarisklerken-basoche.be\\\/wp-content\\\/uploads\\\/Familiedag-2021-2.jpg\",\"contentUrl\":\"https:\\\/\\\/notarisklerken-basoche.be\\\/wp-content\\\/uploads\\\/Familiedag-2021-2.jpg\",\"width\":1024,\"height\":683},{\"@type\":\"BreadcrumbList\",\"@id\":\"https:\\\/\\\/notarisklerken-basoche.be\\\/fr\\\/events\\\/familiedag-2021-leuven-heverlee\\\/#breadcrumb\",\"itemListElement\":[{\"@type\":\"ListItem\",\"position\":1,\"name\":\"Home\",\"item\":\"https:\\\/\\\/notarisklerken-basoche.be\\\/fr\\\/\"},{\"@type\":\"ListItem\",\"position\":2,\"name\":\"Evenementen\",\"item\":\"https:\\\/\\\/notarisklerken-basoche.be\\\/events\\\/\"},{\"@type\":\"ListItem\",\"position\":3,\"name\":\"Journ\u00e9e Familles 2021 &#8211; Louvain (Heverlee)\"}]},{\"@type\":\"WebSite\",\"@id\":\"https:\\\/\\\/notarisklerken-basoche.be\\\/#website\",\"url\":\"https:\\\/\\\/notarisklerken-basoche.be\\\/\",\"name\":\"NotarisKlerken Basoche\",\"description\":\"De Nationale Beroepsvereniging van het Notarispersoneel\",\"publisher\":{\"@id\":\"https:\\\/\\\/notarisklerken-basoche.be\\\/#organization\"},\"potentialAction\":[{\"@type\":\"SearchAction\",\"target\":{\"@type\":\"EntryPoint\",\"urlTemplate\":\"https:\\\/\\\/notarisklerken-basoche.be\\\/?s={search_term_string}\"},\"query-input\":{\"@type\":\"PropertyValueSpecification\",\"valueRequired\":true,\"valueName\":\"search_term_string\"}}],\"inLanguage\":\"fr-FR\"},{\"@type\":\"Organization\",\"@id\":\"https:\\\/\\\/notarisklerken-basoche.be\\\/#organization\",\"name\":\"NotarisKlerken Basoche\",\"url\":\"https:\\\/\\\/notarisklerken-basoche.be\\\/\",\"logo\":{\"@type\":\"ImageObject\",\"inLanguage\":\"fr-FR\",\"@id\":\"https:\\\/\\\/notarisklerken-basoche.be\\\/#\\\/schema\\\/logo\\\/image\\\/\",\"url\":\"https:\\\/\\\/notarisklerken-basoche.be\\\/wp-content\\\/uploads\\\/2022\\\/01\\\/notarisklerken-basoche-logo.png\",\"contentUrl\":\"https:\\\/\\\/notarisklerken-basoche.be\\\/wp-content\\\/uploads\\\/2022\\\/01\\\/notarisklerken-basoche-logo.png\",\"width\":336,\"height\":168,\"caption\":\"NotarisKlerken Basoche\"},\"image\":{\"@id\":\"https:\\\/\\\/notarisklerken-basoche.be\\\/#\\\/schema\\\/logo\\\/image\\\/\"}}]}<\/script>\n<!-- \/ Yoast SEO plugin. -->","yoast_head_json":{"title":"Journ\u00e9e Familles 2021 - Louvain (Heverlee) - NotarisKlerken Basoche","robots":{"index":"index","follow":"follow","max-snippet":"max-snippet:-1","max-image-preview":"max-image-preview:large","max-video-preview":"max-video-preview:-1"},"canonical":"https:\/\/notarisklerken-basoche.be\/fr\/events\/familiedag-2021-leuven-heverlee\/","og_locale":"fr_FR","og_type":"article","og_title":"Journ\u00e9e Familles 2021 - Louvain (Heverlee) - NotarisKlerken Basoche","og_description":"L'ann\u00e9e derni\u00e8re, il \u00e9tait impossible d'organiser une journ\u00e9e familiale, mais cette ann\u00e9e, cela devrait \u00eatre possible. Et tout le monde a besoin de se revoir et de rattraper le temps perdu.","og_url":"https:\/\/notarisklerken-basoche.be\/fr\/events\/familiedag-2021-leuven-heverlee\/","og_site_name":"NotarisKlerken Basoche","article_modified_time":"2022-09-15T10:34:28+00:00","og_image":[{"width":1024,"height":683,"url":"https:\/\/notarisklerken-basoche.be\/wp-content\/uploads\/Familiedag-2021-2.jpg","type":"image\/jpeg"}],"twitter_card":"summary_large_image","twitter_misc":{"Dur\u00e9e de lecture estim\u00e9e":"2 minutes"},"schema":{"@context":"https:\/\/schema.org","@graph":[{"@type":"WebPage","@id":"https:\/\/notarisklerken-basoche.be\/fr\/events\/familiedag-2021-leuven-heverlee\/","url":"https:\/\/notarisklerken-basoche.be\/fr\/events\/familiedag-2021-leuven-heverlee\/","name":"Journ\u00e9e Familles 2021 - Louvain (Heverlee) - NotarisKlerken Basoche","isPartOf":{"@id":"https:\/\/notarisklerken-basoche.be\/#website"},"primaryImageOfPage":{"@id":"https:\/\/notarisklerken-basoche.be\/fr\/events\/familiedag-2021-leuven-heverlee\/#primaryimage"},"image":{"@id":"https:\/\/notarisklerken-basoche.be\/fr\/events\/familiedag-2021-leuven-heverlee\/#primaryimage"},"thumbnailUrl":"https:\/\/notarisklerken-basoche.be\/wp-content\/uploads\/Familiedag-2021-2.jpg","datePublished":"2022-02-22T15:09:04+00:00","dateModified":"2022-09-15T10:34:28+00:00","breadcrumb":{"@id":"https:\/\/notarisklerken-basoche.be\/fr\/events\/familiedag-2021-leuven-heverlee\/#breadcrumb"},"inLanguage":"fr-FR","potentialAction":[{"@type":"ReadAction","target":["https:\/\/notarisklerken-basoche.be\/fr\/events\/familiedag-2021-leuven-heverlee\/"]}]},{"@type":"ImageObject","inLanguage":"fr-FR","@id":"https:\/\/notarisklerken-basoche.be\/fr\/events\/familiedag-2021-leuven-heverlee\/#primaryimage","url":"https:\/\/notarisklerken-basoche.be\/wp-content\/uploads\/Familiedag-2021-2.jpg","contentUrl":"https:\/\/notarisklerken-basoche.be\/wp-content\/uploads\/Familiedag-2021-2.jpg","width":1024,"height":683},{"@type":"BreadcrumbList","@id":"https:\/\/notarisklerken-basoche.be\/fr\/events\/familiedag-2021-leuven-heverlee\/#breadcrumb","itemListElement":[{"@type":"ListItem","position":1,"name":"Home","item":"https:\/\/notarisklerken-basoche.be\/fr\/"},{"@type":"ListItem","position":2,"name":"Evenementen","item":"https:\/\/notarisklerken-basoche.be\/events\/"},{"@type":"ListItem","position":3,"name":"Journ\u00e9e Familles 2021 &#8211; Louvain (Heverlee)"}]},{"@type":"WebSite","@id":"https:\/\/notarisklerken-basoche.be\/#website","url":"https:\/\/notarisklerken-basoche.be\/","name":"NotarisKlerken Basoche","description":"De Nationale Beroepsvereniging van het Notarispersoneel","publisher":{"@id":"https:\/\/notarisklerken-basoche.be\/#organization"},"potentialAction":[{"@type":"SearchAction","target":{"@type":"EntryPoint","urlTemplate":"https:\/\/notarisklerken-basoche.be\/?s={search_term_string}"},"query-input":{"@type":"PropertyValueSpecification","valueRequired":true,"valueName":"search_term_string"}}],"inLanguage":"fr-FR"},{"@type":"Organization","@id":"https:\/\/notarisklerken-basoche.be\/#organization","name":"NotarisKlerken Basoche","url":"https:\/\/notarisklerken-basoche.be\/","logo":{"@type":"ImageObject","inLanguage":"fr-FR","@id":"https:\/\/notarisklerken-basoche.be\/#\/schema\/logo\/image\/","url":"https:\/\/notarisklerken-basoche.be\/wp-content\/uploads\/2022\/01\/notarisklerken-basoche-logo.png","contentUrl":"https:\/\/notarisklerken-basoche.be\/wp-content\/uploads\/2022\/01\/notarisklerken-basoche-logo.png","width":336,"height":168,"caption":"NotarisKlerken Basoche"},"image":{"@id":"https:\/\/notarisklerken-basoche.be\/#\/schema\/logo\/image\/"}}]}},"_links":{"self":[{"href":"https:\/\/notarisklerken-basoche.be\/fr\/wp-json\/wp\/v2\/mec-events\/225825","targetHints":{"allow":["GET"]}}],"collection":[{"href":"https:\/\/notarisklerken-basoche.be\/fr\/wp-json\/wp\/v2\/mec-events"}],"about":[{"href":"https:\/\/notarisklerken-basoche.be\/fr\/wp-json\/wp\/v2\/types\/mec-events"}],"author":[{"embeddable":true,"href":"https:\/\/notarisklerken-basoche.be\/fr\/wp-json\/wp\/v2\/users\/2"}],"replies":[{"embeddable":true,"href":"https:\/\/notarisklerken-basoche.be\/fr\/wp-json\/wp\/v2\/comments?post=225825"}],"wp:featuredmedia":[{"embeddable":true,"href":"https:\/\/notarisklerken-basoche.be\/fr\/wp-json\/wp\/v2\/media\/225138"}],"wp:attachment":[{"href":"https:\/\/notarisklerken-basoche.be\/fr\/wp-json\/wp\/v2\/media?parent=225825"}],"wp:term":[{"taxonomy":"post_tag","embeddable":true,"href":"https:\/\/notarisklerken-basoche.be\/fr\/wp-json\/wp\/v2\/tags?post=225825"},{"taxonomy":"mec_category","embeddable":true,"href":"https:\/\/notarisklerken-basoche.be\/fr\/wp-json\/wp\/v2\/mec_category?post=225825"}],"curies":[{"name":"wp","href":"https:\/\/api.w.org\/{rel}","templated":true}]}}