{"id":226644,"date":"2022-09-19T07:55:10","date_gmt":"2022-09-19T06:55:10","guid":{"rendered":"http:\/\/notarisklerken-basochebe.webhosting.be\/events\/la-cession-a-titre-onereux-de-parts-indivises-dans-un-immeuble-entre-societe-et-associe\/"},"modified":"2022-09-19T07:58:17","modified_gmt":"2022-09-19T06:58:17","slug":"la-cession-a-titre-onereux-de-parts-indivises-dans-un-immeuble-entre-societe-et-associe","status":"publish","type":"mec-events","link":"https:\/\/notarisklerken-basoche.be\/fr\/events\/la-cession-a-titre-onereux-de-parts-indivises-dans-un-immeuble-entre-societe-et-associe\/","title":{"rendered":"La cession \u00e0 titre on\u00e9reux de parts indivises dans un immeuble entre soci\u00e9t\u00e9 et associ\u00e9"},"content":{"rendered":"<p>[et_pb_section fb_built=&#8221;1&#8243; admin_label=&#8221;section&#8221; _builder_version=&#8221;4.16&#8243; global_colors_info=&#8221;{}&#8221;][et_pb_row admin_label=&#8221;row&#8221; _builder_version=&#8221;4.16&#8243; background_size=&#8221;initial&#8221; background_position=&#8221;top_left&#8221; background_repeat=&#8221;repeat&#8221; global_colors_info=&#8221;{}&#8221;][et_pb_column type=&#8221;4_4&#8243; _builder_version=&#8221;4.16&#8243; custom_padding=&#8221;|||&#8221; global_colors_info=&#8221;{}&#8221; custom_padding__hover=&#8221;|||&#8221;][et_pb_text admin_label=&#8221;Text&#8221; _builder_version=&#8221;4.16&#8243; background_size=&#8221;initial&#8221; background_position=&#8221;top_left&#8221; background_repeat=&#8221;repeat&#8221; global_colors_info=&#8221;{}&#8221;]<\/p>\n<p>A l\u2019attention de Mesdames et Messieurs les Notaires et de leurs collaborateurs.<\/p>\n<p>Dans le cadre de la formation permanente, la Basoche organise une formation nationale sur le th\u00e8me\u00a0:<\/p>\n<p>\u00ab\u00a0La cession \u00e0 titre on\u00e9reux de parts indivises dans un immeuble entre soci\u00e9t\u00e9 et associ\u00e9\u00a0\u00bb<\/p>\n<p>Orateur\u00a0:\u00a0<strong>Monsieur Andr\u00e9 CULOT<\/strong><\/p>\n<p><strong>L\u2019expos\u00e9 abordera les points pratiques suivants\u00a0:<\/strong><\/p>\n<p><strong>Mise en contexte avec d\u00e9veloppement des r\u00e8gles g\u00e9n\u00e9rales de perception tant du partage que de celles d\u00e9coulant des articles 129 et 130 du Code des droits d\u2019enregistrement<\/strong><\/p>\n<p><strong>Cette formation aura lieu sous la forme d\u2019une vid\u00e9oconf\u00e9rence avec la collaboration de l\u2019IFAPME de Charleroi\u00a0 :\u00a0<u>Le 1er juin 2021 \u00e0 15h00<\/u><\/strong><\/p>\n<p>Les inscriptions seront cl\u00f4tur\u00e9es le 30 mai 2021 \u00e0 12h00.<\/p>\n<p>Le prix:<\/p>\n<p>\u00a0&#8211; en suivant le webinaire, via l&#8217;adresse du bureau:<\/p>\n<p><strong>\u00a0\u00a0\u00a0\u00a0\u00a0\u00a0\u00a0\u00a0\u00a0\u00a0\u00a0\u00a0 Notaire membre de l&#8217;association en 2021: 100 euros &#8211; Notaire non membre en 2021: 150 euros<\/strong><\/p>\n<p>\u00a0\u00a0\u00a0\u00a0 &#8211; en suivant le webinaire via une adresse e-mail personnelle et un PC (par exemple le soir):<\/p>\n<p><strong>\u00a0\u00a0\u00a0\u00a0\u00a0\u00a0\u00a0\u00a0\u00a0\u00a0\u00a0\u00a0 Membre en 2021: 40 euros &#8211; Non-membre en 2021: 80 euros<\/strong><\/p>\n<p>Le paiement peut s\u2019effectuer via le site Web par l\u2019application s\u00e9curis\u00e9e.<\/p>\n<p>Vous avez \u00e9galement la possibilit\u00e9 de transf\u00e9rer le montant sur le num\u00e9ro de compte IBAN: BE72 0012 0816 5716 de l\u2019\u00abAssociation professionnelle du personnel notarial\u00bb, en indiquant clairement le nom du participant ou de l\u2019Etude participante.<\/p>\n<p>Apr\u00e8s paiement, vous recevrez la facture num\u00e9rique (si toutes les coordonn\u00e9es de l\u2019Etude et du num\u00e9ro de TVA sont indiqu\u00e9s) ainsi que le lien (quelques jours avant la pr\u00e9sentation) pour suivre la formation via le webinaire.\u00a0<strong>Cette formation a \u00e9t\u00e9 agr\u00e9\u00e9e pour 1,5h de formation juridique.<\/strong><\/p>\n<p>Un syllabus sera remis lors de la formation.\u00a0 L\u2019attestation de pr\u00e9sence vous sera envoy\u00e9e sur le courriel du Notaire apr\u00e8s la formation dispens\u00e9e. Si vous souhaitez recevoir des informations compl\u00e9mentaires, vous pouvez envoyer un mail \u00e0 vincent.vranck@gmail.com<\/p>\n<p>Veuillez agr\u00e9er, Mesdames et Messieurs les Notaires, chers Coll\u00e8gues, l\u2019expression de mes sentiments distingu\u00e9s.<\/p>\n<p>[\/et_pb_text][\/et_pb_column][\/et_pb_row][\/et_pb_section]<\/p>\n","protected":false},"excerpt":{"rendered":"<p>A l\u2019attention de Mesdames et Messieurs les Notaires et de leurs collaborateurs. Dans le cadre de la formation permanente, la Basoche organise une formation nationale sur le th\u00e8me\u00a0: \u00ab\u00a0La cession \u00e0 titre on\u00e9reux de parts indivises dans un immeuble entre soci\u00e9t\u00e9 et associ\u00e9\u00a0\u00bb Orateur\u00a0:\u00a0Monsieur Andr\u00e9 CULOT L\u2019expos\u00e9 abordera les points pratiques suivants\u00a0: Mise en contexte [&hellip;]<\/p>\n","protected":false},"author":41,"featured_media":224715,"comment_status":"closed","ping_status":"closed","template":"","meta":{"_et_pb_use_builder":"on","_et_pb_old_content":"<p>A l\u2019attention de Mesdames et Messieurs les Notaires et de leurs collaborateurs.<\/p>\r\n<p>Dans le cadre de la formation permanente, la Basoche organise une formation nationale sur le th\u00e8me\u00a0:<\/p>\r\n<p>\u00ab\u00a0La cession \u00e0 titre on\u00e9reux de parts indivises dans un immeuble entre soci\u00e9t\u00e9 et associ\u00e9\u00a0\u00bb<\/p>\r\n<p>Orateur\u00a0:\u00a0<strong>Monsieur Andr\u00e9 CULOT<\/strong><\/p>\r\n<p><strong>L\u2019expos\u00e9 abordera les points pratiques suivants\u00a0:<\/strong><\/p>\r\n<p><strong>Mise en contexte avec d\u00e9veloppement des r\u00e8gles g\u00e9n\u00e9rales de perception tant du partage que de celles d\u00e9coulant des articles 129 et 130 du Code des droits d\u2019enregistrement<\/strong><\/p>\r\n<p><strong>Cette formation aura lieu sous la forme d\u2019une vid\u00e9oconf\u00e9rence avec la collaboration de l\u2019IFAPME de Charleroi\u00a0 :\u00a0<u>Le 1er juin 2021 \u00e0 15h00<\/u><\/strong><\/p>\r\n<p>Les inscriptions seront cl\u00f4tur\u00e9es le 30 mai 2021 \u00e0 12h00.<\/p>\r\n<p>Le prix:<\/p>\r\n<p>\u00a0- en suivant le webinaire, via l'adresse du bureau:<\/p>\r\n<p><strong>\u00a0\u00a0\u00a0\u00a0\u00a0\u00a0\u00a0\u00a0\u00a0\u00a0\u00a0\u00a0 Notaire membre de l'association en 2021: 100 euros - Notaire non membre en 2021: 150 euros<\/strong><\/p>\r\n<p>\u00a0\u00a0\u00a0\u00a0 - en suivant le webinaire via une adresse e-mail personnelle et un PC (par exemple le soir):<\/p>\r\n<p><strong>\u00a0\u00a0\u00a0\u00a0\u00a0\u00a0\u00a0\u00a0\u00a0\u00a0\u00a0\u00a0 Membre en 2021: 40 euros - Non-membre en 2021: 80 euros<\/strong><\/p>\r\n<p>Le paiement peut s\u2019effectuer via le site Web par l\u2019application s\u00e9curis\u00e9e.<\/p>\r\n<p>Vous avez \u00e9galement la possibilit\u00e9 de transf\u00e9rer le montant sur le num\u00e9ro de compte IBAN: BE72 0012 0816 5716 de l\u2019\u00abAssociation professionnelle du personnel notarial\u00bb, en indiquant clairement le nom du participant ou de l\u2019Etude participante.<\/p>\r\n<p>Apr\u00e8s paiement, vous recevrez la facture num\u00e9rique (si toutes les coordonn\u00e9es de l\u2019Etude et du num\u00e9ro de TVA sont indiqu\u00e9s) ainsi que le lien (quelques jours avant la pr\u00e9sentation) pour suivre la formation via le webinaire.\u00a0<strong>Cette formation a \u00e9t\u00e9 agr\u00e9\u00e9e pour 1,5h de formation juridique.<\/strong><\/p>\r\n<p>Un syllabus sera remis lors de la formation.\u00a0 L\u2019attestation de pr\u00e9sence vous sera envoy\u00e9e sur le courriel du Notaire apr\u00e8s la formation dispens\u00e9e. Si vous souhaitez recevoir des informations compl\u00e9mentaires, vous pouvez envoyer un mail \u00e0 vincent.vranck@gmail.com<\/p>\r\n<p>Veuillez agr\u00e9er, Mesdames et Messieurs les Notaires, chers Coll\u00e8gues, l\u2019expression de mes sentiments distingu\u00e9s.<\/p>","_et_gb_content_width":""},"tags":[],"mec_category":[131,81],"class_list":["post-226644","mec-events","type-mec-events","status-publish","has-post-thumbnail","hentry","mec_category-formations","mec_category-webinars-fr"],"yoast_head":"<!-- This site is optimized with the Yoast SEO plugin v27.4 - https:\/\/yoast.com\/product\/yoast-seo-wordpress\/ -->\n<title>La cession \u00e0 titre on\u00e9reux de parts indivises dans un immeuble entre soci\u00e9t\u00e9 et associ\u00e9 - NotarisKlerken Basoche<\/title>\n<meta name=\"robots\" content=\"index, follow, max-snippet:-1, max-image-preview:large, max-video-preview:-1\" \/>\n<link rel=\"canonical\" href=\"https:\/\/notarisklerken-basoche.be\/fr\/events\/la-cession-a-titre-onereux-de-parts-indivises-dans-un-immeuble-entre-societe-et-associe\/\" \/>\n<meta property=\"og:locale\" content=\"fr_FR\" \/>\n<meta property=\"og:type\" content=\"article\" \/>\n<meta property=\"og:title\" content=\"La cession \u00e0 titre on\u00e9reux de parts indivises dans un immeuble entre soci\u00e9t\u00e9 et associ\u00e9 - NotarisKlerken Basoche\" \/>\n<meta property=\"og:description\" content=\"A l\u2019attention de Mesdames et Messieurs les Notaires et de leurs collaborateurs. Dans le cadre de la formation permanente, la Basoche organise une formation nationale sur le th\u00e8me\u00a0: \u00ab\u00a0La cession \u00e0 titre on\u00e9reux de parts indivises dans un immeuble entre soci\u00e9t\u00e9 et associ\u00e9\u00a0\u00bb Orateur\u00a0:\u00a0Monsieur Andr\u00e9 CULOT L\u2019expos\u00e9 abordera les points pratiques suivants\u00a0: Mise en contexte [&hellip;]\" \/>\n<meta property=\"og:url\" content=\"https:\/\/notarisklerken-basoche.be\/fr\/events\/la-cession-a-titre-onereux-de-parts-indivises-dans-un-immeuble-entre-societe-et-associe\/\" \/>\n<meta property=\"og:site_name\" content=\"NotarisKlerken Basoche\" \/>\n<meta property=\"article:modified_time\" content=\"2022-09-19T06:58:17+00:00\" \/>\n<meta property=\"og:image\" content=\"https:\/\/notarisklerken-basoche.be\/wp-content\/uploads\/2022\/01\/opleidingen-icon.png\" \/>\n\t<meta property=\"og:image:width\" content=\"120\" \/>\n\t<meta property=\"og:image:height\" content=\"120\" \/>\n\t<meta property=\"og:image:type\" content=\"image\/png\" \/>\n<meta name=\"twitter:card\" content=\"summary_large_image\" \/>\n<meta name=\"twitter:label1\" content=\"Dur\u00e9e de lecture estim\u00e9e\" \/>\n\t<meta name=\"twitter:data1\" content=\"2 minutes\" \/>\n<script type=\"application\/ld+json\" class=\"yoast-schema-graph\">{\"@context\":\"https:\\\/\\\/schema.org\",\"@graph\":[{\"@type\":\"WebPage\",\"@id\":\"https:\\\/\\\/notarisklerken-basoche.be\\\/fr\\\/events\\\/la-cession-a-titre-onereux-de-parts-indivises-dans-un-immeuble-entre-societe-et-associe\\\/\",\"url\":\"https:\\\/\\\/notarisklerken-basoche.be\\\/fr\\\/events\\\/la-cession-a-titre-onereux-de-parts-indivises-dans-un-immeuble-entre-societe-et-associe\\\/\",\"name\":\"La cession \u00e0 titre on\u00e9reux de parts indivises dans un immeuble entre soci\u00e9t\u00e9 et associ\u00e9 - NotarisKlerken Basoche\",\"isPartOf\":{\"@id\":\"https:\\\/\\\/notarisklerken-basoche.be\\\/#website\"},\"primaryImageOfPage\":{\"@id\":\"https:\\\/\\\/notarisklerken-basoche.be\\\/fr\\\/events\\\/la-cession-a-titre-onereux-de-parts-indivises-dans-un-immeuble-entre-societe-et-associe\\\/#primaryimage\"},\"image\":{\"@id\":\"https:\\\/\\\/notarisklerken-basoche.be\\\/fr\\\/events\\\/la-cession-a-titre-onereux-de-parts-indivises-dans-un-immeuble-entre-societe-et-associe\\\/#primaryimage\"},\"thumbnailUrl\":\"https:\\\/\\\/notarisklerken-basoche.be\\\/wp-content\\\/uploads\\\/2022\\\/01\\\/opleidingen-icon.png\",\"datePublished\":\"2022-09-19T06:55:10+00:00\",\"dateModified\":\"2022-09-19T06:58:17+00:00\",\"breadcrumb\":{\"@id\":\"https:\\\/\\\/notarisklerken-basoche.be\\\/fr\\\/events\\\/la-cession-a-titre-onereux-de-parts-indivises-dans-un-immeuble-entre-societe-et-associe\\\/#breadcrumb\"},\"inLanguage\":\"fr-FR\",\"potentialAction\":[{\"@type\":\"ReadAction\",\"target\":[\"https:\\\/\\\/notarisklerken-basoche.be\\\/fr\\\/events\\\/la-cession-a-titre-onereux-de-parts-indivises-dans-un-immeuble-entre-societe-et-associe\\\/\"]}]},{\"@type\":\"ImageObject\",\"inLanguage\":\"fr-FR\",\"@id\":\"https:\\\/\\\/notarisklerken-basoche.be\\\/fr\\\/events\\\/la-cession-a-titre-onereux-de-parts-indivises-dans-un-immeuble-entre-societe-et-associe\\\/#primaryimage\",\"url\":\"https:\\\/\\\/notarisklerken-basoche.be\\\/wp-content\\\/uploads\\\/2022\\\/01\\\/opleidingen-icon.png\",\"contentUrl\":\"https:\\\/\\\/notarisklerken-basoche.be\\\/wp-content\\\/uploads\\\/2022\\\/01\\\/opleidingen-icon.png\",\"width\":120,\"height\":120},{\"@type\":\"BreadcrumbList\",\"@id\":\"https:\\\/\\\/notarisklerken-basoche.be\\\/fr\\\/events\\\/la-cession-a-titre-onereux-de-parts-indivises-dans-un-immeuble-entre-societe-et-associe\\\/#breadcrumb\",\"itemListElement\":[{\"@type\":\"ListItem\",\"position\":1,\"name\":\"Home\",\"item\":\"https:\\\/\\\/notarisklerken-basoche.be\\\/fr\\\/\"},{\"@type\":\"ListItem\",\"position\":2,\"name\":\"Evenementen\",\"item\":\"https:\\\/\\\/notarisklerken-basoche.be\\\/events\\\/\"},{\"@type\":\"ListItem\",\"position\":3,\"name\":\"La cession \u00e0 titre on\u00e9reux de parts indivises dans un immeuble entre soci\u00e9t\u00e9 et associ\u00e9\"}]},{\"@type\":\"WebSite\",\"@id\":\"https:\\\/\\\/notarisklerken-basoche.be\\\/#website\",\"url\":\"https:\\\/\\\/notarisklerken-basoche.be\\\/\",\"name\":\"NotarisKlerken Basoche\",\"description\":\"De Nationale Beroepsvereniging van het Notarispersoneel\",\"publisher\":{\"@id\":\"https:\\\/\\\/notarisklerken-basoche.be\\\/#organization\"},\"potentialAction\":[{\"@type\":\"SearchAction\",\"target\":{\"@type\":\"EntryPoint\",\"urlTemplate\":\"https:\\\/\\\/notarisklerken-basoche.be\\\/?s={search_term_string}\"},\"query-input\":{\"@type\":\"PropertyValueSpecification\",\"valueRequired\":true,\"valueName\":\"search_term_string\"}}],\"inLanguage\":\"fr-FR\"},{\"@type\":\"Organization\",\"@id\":\"https:\\\/\\\/notarisklerken-basoche.be\\\/#organization\",\"name\":\"NotarisKlerken Basoche\",\"url\":\"https:\\\/\\\/notarisklerken-basoche.be\\\/\",\"logo\":{\"@type\":\"ImageObject\",\"inLanguage\":\"fr-FR\",\"@id\":\"https:\\\/\\\/notarisklerken-basoche.be\\\/#\\\/schema\\\/logo\\\/image\\\/\",\"url\":\"https:\\\/\\\/notarisklerken-basoche.be\\\/wp-content\\\/uploads\\\/2022\\\/01\\\/notarisklerken-basoche-logo.png\",\"contentUrl\":\"https:\\\/\\\/notarisklerken-basoche.be\\\/wp-content\\\/uploads\\\/2022\\\/01\\\/notarisklerken-basoche-logo.png\",\"width\":336,\"height\":168,\"caption\":\"NotarisKlerken Basoche\"},\"image\":{\"@id\":\"https:\\\/\\\/notarisklerken-basoche.be\\\/#\\\/schema\\\/logo\\\/image\\\/\"}}]}<\/script>\n<!-- \/ Yoast SEO plugin. -->","yoast_head_json":{"title":"La cession \u00e0 titre on\u00e9reux de parts indivises dans un immeuble entre soci\u00e9t\u00e9 et associ\u00e9 - NotarisKlerken Basoche","robots":{"index":"index","follow":"follow","max-snippet":"max-snippet:-1","max-image-preview":"max-image-preview:large","max-video-preview":"max-video-preview:-1"},"canonical":"https:\/\/notarisklerken-basoche.be\/fr\/events\/la-cession-a-titre-onereux-de-parts-indivises-dans-un-immeuble-entre-societe-et-associe\/","og_locale":"fr_FR","og_type":"article","og_title":"La cession \u00e0 titre on\u00e9reux de parts indivises dans un immeuble entre soci\u00e9t\u00e9 et associ\u00e9 - NotarisKlerken Basoche","og_description":"A l\u2019attention de Mesdames et Messieurs les Notaires et de leurs collaborateurs. Dans le cadre de la formation permanente, la Basoche organise une formation nationale sur le th\u00e8me\u00a0: \u00ab\u00a0La cession \u00e0 titre on\u00e9reux de parts indivises dans un immeuble entre soci\u00e9t\u00e9 et associ\u00e9\u00a0\u00bb Orateur\u00a0:\u00a0Monsieur Andr\u00e9 CULOT L\u2019expos\u00e9 abordera les points pratiques suivants\u00a0: Mise en contexte [&hellip;]","og_url":"https:\/\/notarisklerken-basoche.be\/fr\/events\/la-cession-a-titre-onereux-de-parts-indivises-dans-un-immeuble-entre-societe-et-associe\/","og_site_name":"NotarisKlerken Basoche","article_modified_time":"2022-09-19T06:58:17+00:00","og_image":[{"width":120,"height":120,"url":"https:\/\/notarisklerken-basoche.be\/wp-content\/uploads\/2022\/01\/opleidingen-icon.png","type":"image\/png"}],"twitter_card":"summary_large_image","twitter_misc":{"Dur\u00e9e de lecture estim\u00e9e":"2 minutes"},"schema":{"@context":"https:\/\/schema.org","@graph":[{"@type":"WebPage","@id":"https:\/\/notarisklerken-basoche.be\/fr\/events\/la-cession-a-titre-onereux-de-parts-indivises-dans-un-immeuble-entre-societe-et-associe\/","url":"https:\/\/notarisklerken-basoche.be\/fr\/events\/la-cession-a-titre-onereux-de-parts-indivises-dans-un-immeuble-entre-societe-et-associe\/","name":"La cession \u00e0 titre on\u00e9reux de parts indivises dans un immeuble entre soci\u00e9t\u00e9 et associ\u00e9 - NotarisKlerken Basoche","isPartOf":{"@id":"https:\/\/notarisklerken-basoche.be\/#website"},"primaryImageOfPage":{"@id":"https:\/\/notarisklerken-basoche.be\/fr\/events\/la-cession-a-titre-onereux-de-parts-indivises-dans-un-immeuble-entre-societe-et-associe\/#primaryimage"},"image":{"@id":"https:\/\/notarisklerken-basoche.be\/fr\/events\/la-cession-a-titre-onereux-de-parts-indivises-dans-un-immeuble-entre-societe-et-associe\/#primaryimage"},"thumbnailUrl":"https:\/\/notarisklerken-basoche.be\/wp-content\/uploads\/2022\/01\/opleidingen-icon.png","datePublished":"2022-09-19T06:55:10+00:00","dateModified":"2022-09-19T06:58:17+00:00","breadcrumb":{"@id":"https:\/\/notarisklerken-basoche.be\/fr\/events\/la-cession-a-titre-onereux-de-parts-indivises-dans-un-immeuble-entre-societe-et-associe\/#breadcrumb"},"inLanguage":"fr-FR","potentialAction":[{"@type":"ReadAction","target":["https:\/\/notarisklerken-basoche.be\/fr\/events\/la-cession-a-titre-onereux-de-parts-indivises-dans-un-immeuble-entre-societe-et-associe\/"]}]},{"@type":"ImageObject","inLanguage":"fr-FR","@id":"https:\/\/notarisklerken-basoche.be\/fr\/events\/la-cession-a-titre-onereux-de-parts-indivises-dans-un-immeuble-entre-societe-et-associe\/#primaryimage","url":"https:\/\/notarisklerken-basoche.be\/wp-content\/uploads\/2022\/01\/opleidingen-icon.png","contentUrl":"https:\/\/notarisklerken-basoche.be\/wp-content\/uploads\/2022\/01\/opleidingen-icon.png","width":120,"height":120},{"@type":"BreadcrumbList","@id":"https:\/\/notarisklerken-basoche.be\/fr\/events\/la-cession-a-titre-onereux-de-parts-indivises-dans-un-immeuble-entre-societe-et-associe\/#breadcrumb","itemListElement":[{"@type":"ListItem","position":1,"name":"Home","item":"https:\/\/notarisklerken-basoche.be\/fr\/"},{"@type":"ListItem","position":2,"name":"Evenementen","item":"https:\/\/notarisklerken-basoche.be\/events\/"},{"@type":"ListItem","position":3,"name":"La cession \u00e0 titre on\u00e9reux de parts indivises dans un immeuble entre soci\u00e9t\u00e9 et associ\u00e9"}]},{"@type":"WebSite","@id":"https:\/\/notarisklerken-basoche.be\/#website","url":"https:\/\/notarisklerken-basoche.be\/","name":"NotarisKlerken Basoche","description":"De Nationale Beroepsvereniging van het Notarispersoneel","publisher":{"@id":"https:\/\/notarisklerken-basoche.be\/#organization"},"potentialAction":[{"@type":"SearchAction","target":{"@type":"EntryPoint","urlTemplate":"https:\/\/notarisklerken-basoche.be\/?s={search_term_string}"},"query-input":{"@type":"PropertyValueSpecification","valueRequired":true,"valueName":"search_term_string"}}],"inLanguage":"fr-FR"},{"@type":"Organization","@id":"https:\/\/notarisklerken-basoche.be\/#organization","name":"NotarisKlerken Basoche","url":"https:\/\/notarisklerken-basoche.be\/","logo":{"@type":"ImageObject","inLanguage":"fr-FR","@id":"https:\/\/notarisklerken-basoche.be\/#\/schema\/logo\/image\/","url":"https:\/\/notarisklerken-basoche.be\/wp-content\/uploads\/2022\/01\/notarisklerken-basoche-logo.png","contentUrl":"https:\/\/notarisklerken-basoche.be\/wp-content\/uploads\/2022\/01\/notarisklerken-basoche-logo.png","width":336,"height":168,"caption":"NotarisKlerken Basoche"},"image":{"@id":"https:\/\/notarisklerken-basoche.be\/#\/schema\/logo\/image\/"}}]}},"_links":{"self":[{"href":"https:\/\/notarisklerken-basoche.be\/fr\/wp-json\/wp\/v2\/mec-events\/226644","targetHints":{"allow":["GET"]}}],"collection":[{"href":"https:\/\/notarisklerken-basoche.be\/fr\/wp-json\/wp\/v2\/mec-events"}],"about":[{"href":"https:\/\/notarisklerken-basoche.be\/fr\/wp-json\/wp\/v2\/types\/mec-events"}],"author":[{"embeddable":true,"href":"https:\/\/notarisklerken-basoche.be\/fr\/wp-json\/wp\/v2\/users\/41"}],"replies":[{"embeddable":true,"href":"https:\/\/notarisklerken-basoche.be\/fr\/wp-json\/wp\/v2\/comments?post=226644"}],"wp:featuredmedia":[{"embeddable":true,"href":"https:\/\/notarisklerken-basoche.be\/fr\/wp-json\/wp\/v2\/media\/224715"}],"wp:attachment":[{"href":"https:\/\/notarisklerken-basoche.be\/fr\/wp-json\/wp\/v2\/media?parent=226644"}],"wp:term":[{"taxonomy":"post_tag","embeddable":true,"href":"https:\/\/notarisklerken-basoche.be\/fr\/wp-json\/wp\/v2\/tags?post=226644"},{"taxonomy":"mec_category","embeddable":true,"href":"https:\/\/notarisklerken-basoche.be\/fr\/wp-json\/wp\/v2\/mec_category?post=226644"}],"curies":[{"name":"wp","href":"https:\/\/api.w.org\/{rel}","templated":true}]}}