{"id":226954,"date":"2023-07-28T09:04:16","date_gmt":"2023-07-28T07:04:16","guid":{"rendered":"https:\/\/notarisklerken-basoche.be\/?post_type=mec-events&#038;p=226954"},"modified":"2023-07-28T09:04:16","modified_gmt":"2023-07-28T07:04:16","slug":"soiree-de-consultation-pour-les-employees-des-notaires-en-vue-des-negociations-sectorielles","status":"publish","type":"mec-events","link":"https:\/\/notarisklerken-basoche.be\/fr\/events\/soiree-de-consultation-pour-les-employees-des-notaires-en-vue-des-negociations-sectorielles\/","title":{"rendered":"Soir\u00e9e de consultation pour les employ\u00e9(e)s des notaires en vue des n\u00e9gociations sectorielles."},"content":{"rendered":"<p><strong>O\u00f9 ?\u00a0<\/strong><\/p>\n<p>Dans les locaux de la CNE, avenue Robert Schuman 52 \u00e0 1401 Nivelles<br \/>\nLa soir\u00e9e peut aussi \u00eatre suivie\u00a0<strong>en digital (Teams) \u2013 lien re\u00e7u apr\u00e8s inscription<\/strong><\/p>\n<p><strong>Quand ?\u00a0<\/strong><\/p>\n<p>Le lundi 11 septembre 2023 de 19h30 \u00e0 21h30 (accueil \u00e0 19h avec des sandwiches)<\/p>\n<p><strong>Inscription<\/strong>\u00a0souhait\u00e9e <a href=\"https:\/\/forms.office.com\/e\/rPTniLe2cz\">via\u00a0ce lien<\/a><\/p>\n","protected":false},"excerpt":{"rendered":"<p>O\u00f9 ?\u00a0 Dans les locaux de la CNE, avenue Robert Schuman 52 \u00e0 1401 Nivelles La soir\u00e9e peut aussi \u00eatre suivie\u00a0en digital (Teams) \u2013 lien re\u00e7u apr\u00e8s inscription Quand ?\u00a0 Le lundi 11 septembre 2023 de 19h30 \u00e0 21h30 (accueil \u00e0 19h avec des sandwiches) Inscription\u00a0souhait\u00e9e via\u00a0ce lien<\/p>\n","protected":false},"author":365,"featured_media":0,"comment_status":"closed","ping_status":"closed","template":"","meta":{"_et_pb_use_builder":"","_et_pb_old_content":"","_et_gb_content_width":""},"tags":[],"mec_category":[],"class_list":["post-226954","mec-events","type-mec-events","status-publish","hentry"],"yoast_head":"<!-- This site is optimized with the Yoast SEO plugin v27.4 - https:\/\/yoast.com\/product\/yoast-seo-wordpress\/ -->\n<title>Soir\u00e9e de consultation pour les employ\u00e9(e)s des notaires en vue des n\u00e9gociations sectorielles. - NotarisKlerken Basoche<\/title>\n<meta name=\"robots\" content=\"index, follow, max-snippet:-1, max-image-preview:large, max-video-preview:-1\" \/>\n<link rel=\"canonical\" href=\"https:\/\/notarisklerken-basoche.be\/fr\/events\/soiree-de-consultation-pour-les-employees-des-notaires-en-vue-des-negociations-sectorielles\/\" \/>\n<meta property=\"og:locale\" content=\"fr_FR\" \/>\n<meta property=\"og:type\" content=\"article\" \/>\n<meta property=\"og:title\" content=\"Soir\u00e9e de consultation pour les employ\u00e9(e)s des notaires en vue des n\u00e9gociations sectorielles. - NotarisKlerken Basoche\" \/>\n<meta property=\"og:description\" content=\"O\u00f9 ?\u00a0 Dans les locaux de la CNE, avenue Robert Schuman 52 \u00e0 1401 Nivelles La soir\u00e9e peut aussi \u00eatre suivie\u00a0en digital (Teams) \u2013 lien re\u00e7u apr\u00e8s inscription Quand ?\u00a0 Le lundi 11 septembre 2023 de 19h30 \u00e0 21h30 (accueil \u00e0 19h avec des sandwiches) Inscription\u00a0souhait\u00e9e via\u00a0ce lien\" \/>\n<meta property=\"og:url\" content=\"https:\/\/notarisklerken-basoche.be\/fr\/events\/soiree-de-consultation-pour-les-employees-des-notaires-en-vue-des-negociations-sectorielles\/\" \/>\n<meta property=\"og:site_name\" content=\"NotarisKlerken Basoche\" \/>\n<meta name=\"twitter:card\" content=\"summary_large_image\" \/>\n<meta name=\"twitter:label1\" content=\"Dur\u00e9e de lecture estim\u00e9e\" \/>\n\t<meta name=\"twitter:data1\" content=\"1 minute\" \/>\n<script type=\"application\/ld+json\" class=\"yoast-schema-graph\">{\"@context\":\"https:\\\/\\\/schema.org\",\"@graph\":[{\"@type\":\"WebPage\",\"@id\":\"https:\\\/\\\/notarisklerken-basoche.be\\\/fr\\\/events\\\/soiree-de-consultation-pour-les-employees-des-notaires-en-vue-des-negociations-sectorielles\\\/\",\"url\":\"https:\\\/\\\/notarisklerken-basoche.be\\\/fr\\\/events\\\/soiree-de-consultation-pour-les-employees-des-notaires-en-vue-des-negociations-sectorielles\\\/\",\"name\":\"Soir\u00e9e de consultation pour les employ\u00e9(e)s des notaires en vue des n\u00e9gociations sectorielles. - NotarisKlerken Basoche\",\"isPartOf\":{\"@id\":\"https:\\\/\\\/notarisklerken-basoche.be\\\/#website\"},\"datePublished\":\"2023-07-28T07:04:16+00:00\",\"breadcrumb\":{\"@id\":\"https:\\\/\\\/notarisklerken-basoche.be\\\/fr\\\/events\\\/soiree-de-consultation-pour-les-employees-des-notaires-en-vue-des-negociations-sectorielles\\\/#breadcrumb\"},\"inLanguage\":\"fr-FR\",\"potentialAction\":[{\"@type\":\"ReadAction\",\"target\":[\"https:\\\/\\\/notarisklerken-basoche.be\\\/fr\\\/events\\\/soiree-de-consultation-pour-les-employees-des-notaires-en-vue-des-negociations-sectorielles\\\/\"]}]},{\"@type\":\"BreadcrumbList\",\"@id\":\"https:\\\/\\\/notarisklerken-basoche.be\\\/fr\\\/events\\\/soiree-de-consultation-pour-les-employees-des-notaires-en-vue-des-negociations-sectorielles\\\/#breadcrumb\",\"itemListElement\":[{\"@type\":\"ListItem\",\"position\":1,\"name\":\"Home\",\"item\":\"https:\\\/\\\/notarisklerken-basoche.be\\\/fr\\\/\"},{\"@type\":\"ListItem\",\"position\":2,\"name\":\"Evenementen\",\"item\":\"https:\\\/\\\/notarisklerken-basoche.be\\\/events\\\/\"},{\"@type\":\"ListItem\",\"position\":3,\"name\":\"Soir\u00e9e de consultation pour les employ\u00e9(e)s des notaires en vue des n\u00e9gociations sectorielles.\"}]},{\"@type\":\"WebSite\",\"@id\":\"https:\\\/\\\/notarisklerken-basoche.be\\\/#website\",\"url\":\"https:\\\/\\\/notarisklerken-basoche.be\\\/\",\"name\":\"NotarisKlerken Basoche\",\"description\":\"De Nationale Beroepsvereniging van het Notarispersoneel\",\"publisher\":{\"@id\":\"https:\\\/\\\/notarisklerken-basoche.be\\\/#organization\"},\"potentialAction\":[{\"@type\":\"SearchAction\",\"target\":{\"@type\":\"EntryPoint\",\"urlTemplate\":\"https:\\\/\\\/notarisklerken-basoche.be\\\/?s={search_term_string}\"},\"query-input\":{\"@type\":\"PropertyValueSpecification\",\"valueRequired\":true,\"valueName\":\"search_term_string\"}}],\"inLanguage\":\"fr-FR\"},{\"@type\":\"Organization\",\"@id\":\"https:\\\/\\\/notarisklerken-basoche.be\\\/#organization\",\"name\":\"NotarisKlerken Basoche\",\"url\":\"https:\\\/\\\/notarisklerken-basoche.be\\\/\",\"logo\":{\"@type\":\"ImageObject\",\"inLanguage\":\"fr-FR\",\"@id\":\"https:\\\/\\\/notarisklerken-basoche.be\\\/#\\\/schema\\\/logo\\\/image\\\/\",\"url\":\"https:\\\/\\\/notarisklerken-basoche.be\\\/wp-content\\\/uploads\\\/2022\\\/01\\\/notarisklerken-basoche-logo.png\",\"contentUrl\":\"https:\\\/\\\/notarisklerken-basoche.be\\\/wp-content\\\/uploads\\\/2022\\\/01\\\/notarisklerken-basoche-logo.png\",\"width\":336,\"height\":168,\"caption\":\"NotarisKlerken Basoche\"},\"image\":{\"@id\":\"https:\\\/\\\/notarisklerken-basoche.be\\\/#\\\/schema\\\/logo\\\/image\\\/\"}}]}<\/script>\n<!-- \/ Yoast SEO plugin. -->","yoast_head_json":{"title":"Soir\u00e9e de consultation pour les employ\u00e9(e)s des notaires en vue des n\u00e9gociations sectorielles. - NotarisKlerken Basoche","robots":{"index":"index","follow":"follow","max-snippet":"max-snippet:-1","max-image-preview":"max-image-preview:large","max-video-preview":"max-video-preview:-1"},"canonical":"https:\/\/notarisklerken-basoche.be\/fr\/events\/soiree-de-consultation-pour-les-employees-des-notaires-en-vue-des-negociations-sectorielles\/","og_locale":"fr_FR","og_type":"article","og_title":"Soir\u00e9e de consultation pour les employ\u00e9(e)s des notaires en vue des n\u00e9gociations sectorielles. - NotarisKlerken Basoche","og_description":"O\u00f9 ?\u00a0 Dans les locaux de la CNE, avenue Robert Schuman 52 \u00e0 1401 Nivelles La soir\u00e9e peut aussi \u00eatre suivie\u00a0en digital (Teams) \u2013 lien re\u00e7u apr\u00e8s inscription Quand ?\u00a0 Le lundi 11 septembre 2023 de 19h30 \u00e0 21h30 (accueil \u00e0 19h avec des sandwiches) Inscription\u00a0souhait\u00e9e via\u00a0ce lien","og_url":"https:\/\/notarisklerken-basoche.be\/fr\/events\/soiree-de-consultation-pour-les-employees-des-notaires-en-vue-des-negociations-sectorielles\/","og_site_name":"NotarisKlerken Basoche","twitter_card":"summary_large_image","twitter_misc":{"Dur\u00e9e de lecture estim\u00e9e":"1 minute"},"schema":{"@context":"https:\/\/schema.org","@graph":[{"@type":"WebPage","@id":"https:\/\/notarisklerken-basoche.be\/fr\/events\/soiree-de-consultation-pour-les-employees-des-notaires-en-vue-des-negociations-sectorielles\/","url":"https:\/\/notarisklerken-basoche.be\/fr\/events\/soiree-de-consultation-pour-les-employees-des-notaires-en-vue-des-negociations-sectorielles\/","name":"Soir\u00e9e de consultation pour les employ\u00e9(e)s des notaires en vue des n\u00e9gociations sectorielles. - NotarisKlerken Basoche","isPartOf":{"@id":"https:\/\/notarisklerken-basoche.be\/#website"},"datePublished":"2023-07-28T07:04:16+00:00","breadcrumb":{"@id":"https:\/\/notarisklerken-basoche.be\/fr\/events\/soiree-de-consultation-pour-les-employees-des-notaires-en-vue-des-negociations-sectorielles\/#breadcrumb"},"inLanguage":"fr-FR","potentialAction":[{"@type":"ReadAction","target":["https:\/\/notarisklerken-basoche.be\/fr\/events\/soiree-de-consultation-pour-les-employees-des-notaires-en-vue-des-negociations-sectorielles\/"]}]},{"@type":"BreadcrumbList","@id":"https:\/\/notarisklerken-basoche.be\/fr\/events\/soiree-de-consultation-pour-les-employees-des-notaires-en-vue-des-negociations-sectorielles\/#breadcrumb","itemListElement":[{"@type":"ListItem","position":1,"name":"Home","item":"https:\/\/notarisklerken-basoche.be\/fr\/"},{"@type":"ListItem","position":2,"name":"Evenementen","item":"https:\/\/notarisklerken-basoche.be\/events\/"},{"@type":"ListItem","position":3,"name":"Soir\u00e9e de consultation pour les employ\u00e9(e)s des notaires en vue des n\u00e9gociations sectorielles."}]},{"@type":"WebSite","@id":"https:\/\/notarisklerken-basoche.be\/#website","url":"https:\/\/notarisklerken-basoche.be\/","name":"NotarisKlerken Basoche","description":"De Nationale Beroepsvereniging van het Notarispersoneel","publisher":{"@id":"https:\/\/notarisklerken-basoche.be\/#organization"},"potentialAction":[{"@type":"SearchAction","target":{"@type":"EntryPoint","urlTemplate":"https:\/\/notarisklerken-basoche.be\/?s={search_term_string}"},"query-input":{"@type":"PropertyValueSpecification","valueRequired":true,"valueName":"search_term_string"}}],"inLanguage":"fr-FR"},{"@type":"Organization","@id":"https:\/\/notarisklerken-basoche.be\/#organization","name":"NotarisKlerken Basoche","url":"https:\/\/notarisklerken-basoche.be\/","logo":{"@type":"ImageObject","inLanguage":"fr-FR","@id":"https:\/\/notarisklerken-basoche.be\/#\/schema\/logo\/image\/","url":"https:\/\/notarisklerken-basoche.be\/wp-content\/uploads\/2022\/01\/notarisklerken-basoche-logo.png","contentUrl":"https:\/\/notarisklerken-basoche.be\/wp-content\/uploads\/2022\/01\/notarisklerken-basoche-logo.png","width":336,"height":168,"caption":"NotarisKlerken Basoche"},"image":{"@id":"https:\/\/notarisklerken-basoche.be\/#\/schema\/logo\/image\/"}}]}},"_links":{"self":[{"href":"https:\/\/notarisklerken-basoche.be\/fr\/wp-json\/wp\/v2\/mec-events\/226954","targetHints":{"allow":["GET"]}}],"collection":[{"href":"https:\/\/notarisklerken-basoche.be\/fr\/wp-json\/wp\/v2\/mec-events"}],"about":[{"href":"https:\/\/notarisklerken-basoche.be\/fr\/wp-json\/wp\/v2\/types\/mec-events"}],"author":[{"embeddable":true,"href":"https:\/\/notarisklerken-basoche.be\/fr\/wp-json\/wp\/v2\/users\/365"}],"replies":[{"embeddable":true,"href":"https:\/\/notarisklerken-basoche.be\/fr\/wp-json\/wp\/v2\/comments?post=226954"}],"wp:attachment":[{"href":"https:\/\/notarisklerken-basoche.be\/fr\/wp-json\/wp\/v2\/media?parent=226954"}],"wp:term":[{"taxonomy":"post_tag","embeddable":true,"href":"https:\/\/notarisklerken-basoche.be\/fr\/wp-json\/wp\/v2\/tags?post=226954"},{"taxonomy":"mec_category","embeddable":true,"href":"https:\/\/notarisklerken-basoche.be\/fr\/wp-json\/wp\/v2\/mec_category?post=226954"}],"curies":[{"name":"wp","href":"https:\/\/api.w.org\/{rel}","templated":true}]}}