{"id":225526,"date":"2022-01-05T14:02:30","date_gmt":"2022-01-05T13:02:30","guid":{"rendered":"http:\/\/notarisklerken-basochebe.webhosting.be\/cpnue\/"},"modified":"2022-08-22T14:35:44","modified_gmt":"2022-08-22T13:35:44","slug":"cpnue","status":"publish","type":"page","link":"https:\/\/notarisklerken-basoche.be\/fr\/cpnue\/","title":{"rendered":"CPNUE"},"content":{"rendered":"<p>[et_pb_section fb_built=&#8221;1&#8243; _builder_version=&#8221;4.16&#8243; _module_preset=&#8221;default&#8221; background_color=&#8221;RGBA(255,255,255,0)&#8221; custom_margin=&#8221;120px||||false|false&#8221; custom_margin_tablet=&#8221;50px||||false|false&#8221; custom_margin_phone=&#8221;50px||||false|false&#8221; custom_margin_last_edited=&#8221;on|desktop&#8221; custom_padding=&#8221;0px||0px||false|false&#8221; global_colors_info=&#8221;{}&#8221;][et_pb_row column_structure=&#8221;3_4,1_4&#8243; _builder_version=&#8221;4.16&#8243; _module_preset=&#8221;default&#8221; custom_margin=&#8221;0px||0px||false|false&#8221; custom_padding=&#8221;0px||0px||false|false&#8221; global_colors_info=&#8221;{}&#8221;][et_pb_column type=&#8221;3_4&#8243; _builder_version=&#8221;4.16&#8243; _module_preset=&#8221;default&#8221; global_colors_info=&#8221;{}&#8221;][et_pb_text _builder_version=&#8221;4.16&#8243; _module_preset=&#8221;default&#8221; header_font=&#8221;|300|||||||&#8221; header_text_color=&#8221;#4794A2&#8243; custom_margin=&#8221;0px||0px||false|false&#8221; custom_padding=&#8221;||||false|false&#8221; global_colors_info=&#8221;{}&#8221;]<\/p>\n<h1>CPNUE<\/h1>\n<p>[\/et_pb_text][et_pb_text _builder_version=&#8221;4.17.6&#8243; _module_preset=&#8221;default&#8221; text_font=&#8221;|300|||||||&#8221; background_color=&#8221;#FFFFFF&#8221; custom_padding=&#8221;50px|50px|50px|50px|true|true&#8221; custom_padding_tablet=&#8221;50px|50px|50px|50px|true|true&#8221; custom_padding_phone=&#8221;30px|30px|30px|30px|true|true&#8221; custom_padding_last_edited=&#8221;on|desktop&#8221; box_shadow_style=&#8221;preset1&#8243; box_shadow_vertical=&#8221;0px&#8221; box_shadow_blur=&#8221;70px&#8221; box_shadow_color=&#8221;rgba(0,0,0,0.14)&#8221; global_colors_info=&#8221;{}&#8221;]<\/p>\n<p>Le 09 avril 2011, l&#8217;acte constitutif de l&#8217;association de la<br \/><strong>Conf\u00e9d\u00e9ration du Personnel des Notariats de l&#8217;Union Europ\u00e9enne en abr\u00e9g\u00e9 CPNUE<\/strong><\/p>\n<p>L&#8217;id\u00e9e de cette association europ\u00e9enne est n\u00e9e dans l&#8217;esprit de notre secr\u00e9taire national, M. Ludwig Rasschaert, lors de notre congr\u00e8s de 2005. A cette occasion, en plus des d\u00e9l\u00e9gations traditionnelles des Pays-Bas et de la France, nous avons pu accueillir pour la premi\u00e8re fois une d\u00e9l\u00e9gation d&#8217;Allemagne.<\/p>\n<p>En premier lieu, l&#8217;intention \u00e9tait<\/p>\n<ul>\n<li>De faire connaissance avec des coll\u00e8gues de tous les pays europ\u00e9ens avec un notariat latin ;<\/li>\n<li>Conna\u00eetre leurs souhaits et leurs difficult\u00e9s ;<\/li>\n<li>Leur fa\u00e7on de travailler ;<\/li>\n<li>Leurs relations avec les notaires ;<\/li>\n<li>Leurs r\u00e9alisations sociales ;<\/li>\n<li>Etc.<\/li>\n<\/ul>\n<p>Cinq ans plus tard, lors de notre congr\u00e8s \u00e0 Anh\u00e9e, nous avons pu recevoir des d\u00e9l\u00e9gations d&#8217;Allemagne, de France et des Pays-Bas, ainsi que d&#8217;Italie et d&#8217;Espagne.<\/p>\n<p>Et maintenant, apr\u00e8s plusieurs r\u00e9unions<\/p>\n<ul>\n<li>01 novembre 2007 \u00e0 Rotterdam (Pays-Bas) ;<\/li>\n<li>Le 16 octobre 2009 \u00e0 G\u00e9tari (France) ;<\/li>\n<li>le 07 mai 2010 \u00e0 Anh\u00e9e (Belgique) ;<\/li>\n<li>Le 20 novembre 2010 \u00e0 Turin (Italie);<\/li>\n<\/ul>\n<p>nous avons pu conclure les n\u00e9gociations.<\/p>\n<p>[\/et_pb_text][\/et_pb_column][et_pb_column type=&#8221;1_4&#8243; _builder_version=&#8221;4.16&#8243; _module_preset=&#8221;default&#8221; global_colors_info=&#8221;{}&#8221;][et_pb_image src=&#8221;https:\/\/notarisklerken-basoche.be\/wp-content\/uploads\/cpnuelogo.png&#8221; alt=&#8221;Conf\u00e9d\u00e9ration du Personnel des Notariats de l\u2019Union Europ\u00e9enne&#8221; title_text=&#8221;cpnue&#8221; _builder_version=&#8221;4.16&#8243; _module_preset=&#8221;default&#8221; custom_padding=&#8221;50px|50px|50px|50px|false|false&#8221; custom_padding_tablet=&#8221;30px|30px|30px|30px|true|true&#8221; custom_padding_phone=&#8221;||||true&#8221; custom_padding_last_edited=&#8221;on|phone&#8221; sticky_limit_top=&#8221;row&#8221; sticky_limit_bottom=&#8221;row&#8221; sticky_position_tablet=&#8221;none&#8221; sticky_position_phone=&#8221;none&#8221; sticky_position_last_edited=&#8221;on|tablet&#8221; global_colors_info=&#8221;{}&#8221;][\/et_pb_image][et_pb_text _builder_version=&#8221;4.16&#8243; _module_preset=&#8221;default&#8221; text_font=&#8221;|300|||||||&#8221; text_font_size=&#8221;14px&#8221; global_colors_info=&#8221;{}&#8221;]<\/p>\n<p>Il repr\u00e9sente 5 volumes, un pour chaque pays fondateur, plac\u00e9s de mani\u00e8re concentrique pour souligner l&#8217;id\u00e9e d&#8217;une conf\u00e9d\u00e9ration du personnel notarial.<\/p>\n<p>Au milieu, comme un lien, se trouve le symbole de l&#8217;Europe, qui doit souligner le domaine d&#8217;activit\u00e9 de la conf\u00e9d\u00e9ration. Un logo qui doit refl\u00e9ter l&#8217;ouverture et la coop\u00e9ration de cette conf\u00e9d\u00e9ration.<\/p>\n<p>[\/et_pb_text][\/et_pb_column][\/et_pb_row][et_pb_row column_structure=&#8221;1_4,3_4&#8243; use_custom_gutter=&#8221;on&#8221; gutter_width=&#8221;1&#8243; make_equal=&#8221;on&#8221; _builder_version=&#8221;4.17.3&#8243; _module_preset=&#8221;default&#8221; custom_margin=&#8221;50px||50px||false|false&#8221; global_colors_info=&#8221;{}&#8221;][et_pb_column type=&#8221;1_4&#8243; _builder_version=&#8221;4.16&#8243; _module_preset=&#8221;default&#8221; global_colors_info=&#8221;{}&#8221;][et_pb_image src=&#8221;https:\/\/notarisklerken-basoche.be\/wp-content\/uploads\/Confederatie-van-het-Personeel-van-de-Notariaten-van-de-Europese-Unie.jpg&#8221; alt=&#8221;CPNUE&#8221; title_text=&#8221;Confederatie van het Personeel van de Notariaten van de Europese Unie&#8221; _builder_version=&#8221;4.17.3&#8243; _module_preset=&#8221;default&#8221; custom_margin=&#8221;-20px|-20px|0px|0px|false|false&#8221; custom_margin_tablet=&#8221;0px|0px|||false|false&#8221; custom_margin_phone=&#8221;0px|0px|||false|false&#8221; custom_margin_last_edited=&#8221;on|tablet&#8221; custom_padding=&#8221;0px||||false|false&#8221; global_colors_info=&#8221;{}&#8221;][\/et_pb_image][\/et_pb_column][et_pb_column type=&#8221;3_4&#8243; _builder_version=&#8221;4.16&#8243; _module_preset=&#8221;default&#8221; global_colors_info=&#8221;{}&#8221;][et_pb_text _builder_version=&#8221;4.16&#8243; _module_preset=&#8221;default&#8221; text_font=&#8221;|300|||||||&#8221; custom_padding=&#8221;50px|50px|50px|50px|true|true&#8221; custom_padding_tablet=&#8221;50px|50px|50px|50px|true|true&#8221; custom_padding_phone=&#8221;30px|30px|30px|30px|true|true&#8221; custom_padding_last_edited=&#8221;on|desktop&#8221; box_shadow_style=&#8221;preset1&#8243; box_shadow_vertical=&#8221;0px&#8221; box_shadow_blur=&#8221;70px&#8221; box_shadow_color=&#8221;rgba(0,0,0,0.14)&#8221; global_colors_info=&#8221;{}&#8221;]<\/p>\n<p>Le 09 avril 2011, \u00e0 Madrid (Espagne)<\/p>\n<p>l&#8217;acte de fondation de l&#8217;Association europ\u00e9enne a finalement \u00e9t\u00e9 sign\u00e9, et ce sous la forme d&#8217;une association sans but lucratif, avec le nom :<\/p>\n<p><strong>Conf\u00e9d\u00e9ration du Personnel des Notariats de l&#8217;Union Europ\u00e9enne<\/strong> (en n\u00e9erlandais : Confederatie van het Personeel van de Notariats van de Europese Unie) ; dont l&#8217;acte et les statuts ont \u00e9t\u00e9 pr\u00e9par\u00e9s et r\u00e9dig\u00e9s par notre secr\u00e9taire national.<\/p>\n<p>Ses membres fondateurs sont les associations du personnel des pays suivants :<\/p>\n<p>Belgique, Allemagne, Italie, Pays-Bas et Espagne.<\/p>\n<p>[\/et_pb_text][\/et_pb_column][\/et_pb_row][\/et_pb_section][et_pb_section fb_built=&#8221;1&#8243; _builder_version=&#8221;4.16&#8243; _module_preset=&#8221;default&#8221; background_color=&#8221;RGBA(255,255,255,0)&#8221; use_background_color_gradient=&#8221;on&#8221; background_color_gradient_direction=&#8221;90deg&#8221; background_color_gradient_stops=&#8221;#4794a2 40%|rgba(255,255,255,0) 40%&#8221; background_color_gradient_start=&#8221;#4794a2&#8243; background_color_gradient_start_position=&#8221;40%&#8221; background_color_gradient_end=&#8221;rgba(255,255,255,0)&#8221; background_color_gradient_end_position=&#8221;39%&#8221; custom_margin=&#8221;120px|0px|120px|0px|true|false&#8221; custom_margin_tablet=&#8221;50px|50px|50px|50px|false|true&#8221; custom_margin_phone=&#8221;50px|30px|50px|30px|false|false&#8221; custom_margin_last_edited=&#8221;on|phone&#8221; custom_padding=&#8221;0px||0px||false|false&#8221; background_last_edited=&#8221;on|phone&#8221; use_background_color_gradient_tablet=&#8221;off&#8221; use_background_color_gradient_phone=&#8221;off&#8221; global_colors_info=&#8221;{}&#8221;][et_pb_row column_structure=&#8221;1_2,1_2&#8243; use_custom_gutter=&#8221;on&#8221; gutter_width=&#8221;1&#8243; make_equal=&#8221;on&#8221; _builder_version=&#8221;4.16&#8243; _module_preset=&#8221;default&#8221; background_color=&#8221;RGBA(255,255,255,0)&#8221; background_size=&#8221;initial&#8221; background_position=&#8221;top_left&#8221; background_repeat=&#8221;repeat&#8221; width=&#8221;100%&#8221; module_alignment=&#8221;center&#8221; custom_margin=&#8221;0px||0px||false|false&#8221; custom_padding=&#8221;0px|0px|0px|0px|false|false&#8221; global_colors_info=&#8221;{}&#8221;][et_pb_column type=&#8221;1_2&#8243; module_id=&#8221;DT_col-contactVraag&#8221; _builder_version=&#8221;4.16&#8243; _module_preset=&#8221;default&#8221; background_color=&#8221;#4794A2&#8243; z_index=&#8221;11&#8243; custom_padding=&#8221;50px|50px|50px|50px|false|false&#8221; custom_padding_tablet=&#8221;30px|30px|30px|30px|false|false&#8221; custom_padding_phone=&#8221;30px|30px|30px|30px|false|false&#8221; custom_padding_last_edited=&#8221;on|phone&#8221; global_colors_info=&#8221;{}&#8221;][et_pb_text _builder_version=&#8221;4.16&#8243; _module_preset=&#8221;default&#8221; text_text_color=&#8221;#FFFFFF&#8221; header_text_color=&#8221;#FFFFFF&#8221; header_2_text_color=&#8221;#FFFFFF&#8221; header_3_text_color=&#8221;#D5AF00&#8243; header_3_font_size=&#8221;40px&#8221; custom_padding=&#8221;0px||0px||true|true&#8221; custom_padding_tablet=&#8221;30px|30px|30px|30px|true|true&#8221; custom_padding_phone=&#8221;0px|0px|0px|0px|true|true&#8221; custom_padding_last_edited=&#8221;off|phone&#8221; global_colors_info=&#8221;{}&#8221;]<\/p>\n<h3><span>1<\/span><\/h3>\n<p>La c\u00e9r\u00e9monie de signature a \u00e9t\u00e9 pr\u00e9c\u00e9d\u00e9e d&#8217;une r\u00e9ception au Parlement espagnol (Congr\u00e8s des d\u00e9put\u00e9s) par le Pr\u00e9sident du Comit\u00e9 judiciaire, M. Cuesta Alvaro Martinez. Dans son discours, il a encourag\u00e9 les participants \u00e0 poursuivre sur la voie emprunt\u00e9e par la profession notariale, \u00e0 savoir celle de la s\u00e9curit\u00e9 juridique pr\u00e9ventive que le notariat doit assurer aux citoyens du monde entier.<\/p>\n<p>[\/et_pb_text][et_pb_text _builder_version=&#8221;4.16&#8243; _module_preset=&#8221;default&#8221; text_text_color=&#8221;#FFFFFF&#8221; header_3_text_color=&#8221;#D5AF00&#8243; header_3_font_size=&#8221;40px&#8221; custom_padding=&#8221;50px||||false|true&#8221; global_colors_info=&#8221;{}&#8221;]<\/p>\n<h3><span>2<\/span><\/h3>\n<p>La CPNUE, au nom de plus de 200.000 employ\u00e9s du notariat en Europe qui ont tous une vocation de service, a pour objectif d&#8217;am\u00e9liorer la formation au niveau europ\u00e9en. Nous pensons que l&#8217;institution notariale dans son ensemble est renforc\u00e9e lorsque les employ\u00e9s du notariat, \u00e0 tous les \u00e9gards et \u00e0 tous les niveaux, sont bien pr\u00e9par\u00e9s et form\u00e9s.<\/p>\n<p>[\/et_pb_text][et_pb_text _builder_version=&#8221;4.16&#8243; _module_preset=&#8221;default&#8221; text_text_color=&#8221;#FFFFFF&#8221; header_text_color=&#8221;#FFFFFF&#8221; header_2_text_color=&#8221;#FFFFFF&#8221; header_3_text_color=&#8221;#D5AF00&#8243; header_3_font_size=&#8221;40px&#8221; custom_padding=&#8221;50px||0px||false|true&#8221; global_colors_info=&#8221;{}&#8221;]<\/p>\n<h3><span>3<\/span><\/h3>\n<p>En outre, la CPNUE se concentrera sur les questions de travail, qui ont un impact direct sur les travailleurs, et s&#8217;efforcera d&#8217;assurer une communication fluide avec les institutions du Notariat europ\u00e9en, avec l&#8217;Union internationale du notariat latin, ainsi qu&#8217;avec les autres organes et institutions de l&#8217;Union europ\u00e9enne.<\/p>\n<p>[\/et_pb_text][\/et_pb_column][et_pb_column type=&#8221;1_2&#8243; module_id=&#8221;DT_col_contactForm&#8221; _builder_version=&#8221;4.16&#8243; _module_preset=&#8221;default&#8221; background_color=&#8221;#FFFFFF&#8221; transform_translate_linked=&#8221;off&#8221; vertical_offset=&#8221;-30px&#8221; horizontal_offset=&#8221;-30px&#8221; vertical_offset_tablet=&#8221;-10px&#8221; vertical_offset_phone=&#8221;-10px&#8221; vertical_offset_last_edited=&#8221;on|desktop&#8221; horizontal_offset_tablet=&#8221;0px&#8221; horizontal_offset_phone=&#8221;0px&#8221; horizontal_offset_last_edited=&#8221;on|desktop&#8221; position_origin_a_tablet=&#8221;&#8221; position_origin_a_phone=&#8221;&#8221; position_origin_a_last_edited=&#8221;on|phone&#8221; position_origin_f_tablet=&#8221;&#8221; position_origin_f_phone=&#8221;&#8221; position_origin_f_last_edited=&#8221;on|phone&#8221; position_origin_r_tablet=&#8221;&#8221; position_origin_r_phone=&#8221;&#8221; position_origin_r_last_edited=&#8221;on|desktop&#8221; custom_padding=&#8221;50px|50px|50px|50px|false|false&#8221; custom_padding_tablet=&#8221;30px|30px|30px|30px|false|false&#8221; custom_padding_phone=&#8221;30px|30px|30px|30px|false|false&#8221; custom_padding_last_edited=&#8221;on|phone&#8221; scroll_vertical_motion_enable=&#8221;on&#8221; scroll_vertical_motion=&#8221;0|50|50|100|0.5|0|0&#8243; positioning_tablet=&#8221;&#8221; positioning_phone=&#8221;&#8221; positioning_last_edited=&#8221;on|phone&#8221; scroll_vertical_motion_tablet=&#8221;0|50|50|100|0|0|0&#8243; scroll_vertical_motion_phone=&#8221;0|50|50|100|0|0|0&#8243; scroll_vertical_motion_last_edited=&#8221;on|tablet&#8221; box_shadow_style=&#8221;preset3&#8243; box_shadow_vertical=&#8221;0px&#8221; box_shadow_blur=&#8221;70px&#8221; box_shadow_spread=&#8221;0px&#8221; box_shadow_color=&#8221;rgba(0,0,0,0.13)&#8221; global_colors_info=&#8221;{}&#8221;][et_pb_text _builder_version=&#8221;4.17.3&#8243; _module_preset=&#8221;default&#8221; text_font=&#8221;|300|||||||&#8221; transform_scale_tablet=&#8221;&#8221; transform_scale_phone=&#8221;&#8221; transform_scale_last_edited=&#8221;on|phone&#8221; transform_translate=&#8221;0px|-50%&#8221; transform_translate_tablet=&#8221;0px|0%&#8221; transform_translate_phone=&#8221;0px|0%&#8221; transform_translate_last_edited=&#8221;on|tablet&#8221; transform_translate_linked=&#8221;off&#8221; transform_rotate_tablet=&#8221;&#8221; transform_rotate_phone=&#8221;&#8221; transform_rotate_last_edited=&#8221;on|phone&#8221; transform_skew_tablet=&#8221;&#8221; transform_skew_phone=&#8221;&#8221; transform_skew_last_edited=&#8221;on|phone&#8221; transform_origin_tablet=&#8221;&#8221; transform_origin_phone=&#8221;&#8221; transform_origin_last_edited=&#8221;on|phone&#8221; transform_styles_last_edited=&#8221;on|tablet&#8221; positioning=&#8221;relative&#8221; position_origin_a=&#8221;center_left&#8221; vertical_offset=&#8221;50%&#8221; vertical_offset_tablet=&#8221;0%&#8221; vertical_offset_phone=&#8221;0%&#8221; vertical_offset_last_edited=&#8221;on|tablet&#8221; width=&#8221;100%&#8221; transform_styles_tablet=&#8221;&#8221; transform_styles_phone=&#8221;&#8221; global_colors_info=&#8221;{}&#8221;]<\/p>\n<p>C&#8217;est pour cette raison entre autres que la Conf\u00e9d\u00e9ration a \u00e9tabli son si\u00e8ge \u00e0 Bruxelles et que ses statuts sont par cons\u00e9quent constitu\u00e9s selon le droit belge.<\/p>\n<p>Un des objectifs poursuivis, est de nous faire une place dans le &#8220;monde professionnel&#8221;. C&#8217;est ce que nous pouvons obtenir, principalement, en promouvant tout d&#8217;abord l&#8217;unit\u00e9 et la solidarit\u00e9 de tous les travailleurs en Europe et en pr\u00e9servant celles-ci.<\/p>\n<p>Notre objectif est clair: regrouper et soutenir tous nos coll\u00e8gues en Europe.<\/p>\n<p>Actuellement, nous nous effor\u00e7ons de r\u00e9aliser cet objectif, afin que chacun comprenne ce que la CPNUE repr\u00e9sente, la connaisse et la reconnaisse, et qu&#8217;ainsi chacun puisse exprimer publiquement ses espoirs, ses d\u00e9sirs et ses propres objectifs.<\/p>\n<p><i>Tous les coll\u00e8gues devraient rapidement prendre conscience que l&#8217;indiff\u00e9rence, la fragmentation et la passivit\u00e9 dans ce monde en constante \u00e9volution, sont synonymes d&#8217;un laisser-aller qui nous m\u00e8ne vers une voie sans issue. Et cela jamais nous ne le permettrons.<\/i><\/p>\n<p>[\/et_pb_text][\/et_pb_column][\/et_pb_row][\/et_pb_section][et_pb_section fb_built=&#8221;1&#8243; _builder_version=&#8221;4.16&#8243; _module_preset=&#8221;default&#8221; custom_margin=&#8221;120px||120px||true|false&#8221; custom_margin_tablet=&#8221;50px||50px||true|false&#8221; custom_margin_phone=&#8221;50px||50px||true|false&#8221; custom_margin_last_edited=&#8221;on|phone&#8221; global_colors_info=&#8221;{}&#8221;][et_pb_row _builder_version=&#8221;4.16&#8243; _module_preset=&#8221;default&#8221; custom_margin=&#8221;0px||0px||false|false&#8221; custom_padding=&#8221;0px||0px||false|false&#8221; global_colors_info=&#8221;{}&#8221;][et_pb_column type=&#8221;4_4&#8243; _builder_version=&#8221;4.16&#8243; _module_preset=&#8221;default&#8221; global_colors_info=&#8221;{}&#8221;][et_pb_text _builder_version=&#8221;4.17.3&#8243; _module_preset=&#8221;default&#8221; header_2_font=&#8221;|300|||||||&#8221; header_2_text_color=&#8221;#4794A2&#8243; global_colors_info=&#8221;{}&#8221;]<\/p>\n<h2 class=\"title col-12\">Allons-y<\/h2>\n<p>[\/et_pb_text][\/et_pb_column][\/et_pb_row][et_pb_row column_structure=&#8221;1_2,1_2&#8243; _builder_version=&#8221;4.16&#8243; _module_preset=&#8221;default&#8221; global_colors_info=&#8221;{}&#8221;][et_pb_column type=&#8221;1_2&#8243; _builder_version=&#8221;4.16&#8243; _module_preset=&#8221;default&#8221; global_colors_info=&#8221;{}&#8221;][et_pb_text _builder_version=&#8221;4.17.3&#8243; _module_preset=&#8221;default&#8221; text_font=&#8221;|300|||||||&#8221; custom_padding=&#8221;||0px|||&#8221; global_colors_info=&#8221;{}&#8221;]<\/p>\n<p>La CPNUE \u0153uvre \u00e0 cr\u00e9er les infrastructures n\u00e9cessaires pour transmettre par l&#8217;entremise des instances nationales respectives, des informations pr\u00e9cises, r\u00e9guli\u00e8rement et en temps opportun, \u00e0 tous les salari\u00e9s des notaires europ\u00e9ens, car nous sommes pleinement convaincus qu&#8217;ensemble et en collaboration avec les dirigeants du Notariat latin nous pouvons am\u00e9liorer et renforcer l&#8217;institution du notariat.<\/p>\n<p>[\/et_pb_text][\/et_pb_column][et_pb_column type=&#8221;1_2&#8243; _builder_version=&#8221;4.16&#8243; _module_preset=&#8221;default&#8221; global_colors_info=&#8221;{}&#8221;][et_pb_text _builder_version=&#8221;4.17.3&#8243; _module_preset=&#8221;default&#8221; text_font=&#8221;|300|||||||&#8221; global_colors_info=&#8221;{}&#8221;]<\/p>\n<p>Dans les annales de notre histoire le 9 avril 2011 s&#8217;inscrira en capitales. C&#8217;est la date o\u00f9 un groupe de partenaires europ\u00e9ens a cr\u00e9\u00e9 la Conf\u00e9d\u00e9ration europ\u00e9enne des employ\u00e9s de notaires.<\/p>\n<p>[\/et_pb_text][\/et_pb_column][\/et_pb_row][\/et_pb_section][et_pb_section fb_built=&#8221;1&#8243; _builder_version=&#8221;4.16&#8243; _module_preset=&#8221;default&#8221; global_colors_info=&#8221;{}&#8221;][et_pb_row _builder_version=&#8221;4.16&#8243; _module_preset=&#8221;default&#8221; global_colors_info=&#8221;{}&#8221;][et_pb_column type=&#8221;4_4&#8243; _builder_version=&#8221;4.16&#8243; _module_preset=&#8221;default&#8221; global_colors_info=&#8221;{}&#8221;][et_pb_text _builder_version=&#8221;4.17.3&#8243; _module_preset=&#8221;default&#8221; header_2_font=&#8221;|300|||||||&#8221; header_2_text_color=&#8221;#4794A2&#8243; custom_margin=&#8221;0px||0px||false|false&#8221; custom_padding=&#8221;0px||0px||false|false&#8221; global_colors_info=&#8221;{}&#8221;]<\/p>\n<h2 class=\"title col-12\">Que s\u2019est-il pass\u00e9 entretemps en Europe<\/h2>\n<p>[\/et_pb_text][\/et_pb_column][\/et_pb_row][et_pb_row column_structure=&#8221;1_2,1_2&#8243; use_custom_gutter=&#8221;on&#8221; gutter_width=&#8221;1&#8243; _builder_version=&#8221;4.16&#8243; _module_preset=&#8221;default&#8221; background_enable_image=&#8221;off&#8221; background_size=&#8221;contain&#8221; global_colors_info=&#8221;{}&#8221;][et_pb_column type=&#8221;1_2&#8243; _builder_version=&#8221;4.16&#8243; _module_preset=&#8221;default&#8221; global_colors_info=&#8221;{}&#8221;][et_pb_text quote_border_color=&#8221;#D5AF00&#8243; _builder_version=&#8221;4.17.3&#8243; _module_preset=&#8221;default&#8221; text_font=&#8221;|300|||||||&#8221; quote_font=&#8221;||||||||&#8221; quote_text_align=&#8221;left&#8221; quote_font_size=&#8221;16px&#8221; background_color=&#8221;#FFFFFF&#8221; custom_padding=&#8221;50px|50px|50px|50px|true|true&#8221; custom_padding_tablet=&#8221;50px|50px|50px|50px|true|true&#8221; custom_padding_phone=&#8221;30px|30px|30px|30px|true|true&#8221; custom_padding_last_edited=&#8221;on|desktop&#8221; box_shadow_style=&#8221;preset1&#8243; box_shadow_vertical=&#8221;0px&#8221; box_shadow_blur=&#8221;70px&#8221; box_shadow_color=&#8221;rgba(0,0,0,0.14)&#8221; global_colors_info=&#8221;{}&#8221;]<\/p>\n<p><strong>Tout le monde devrait savoir que l\u2019existence de notre notariat latin dans sa forme actuelle est menac\u00e9e.<\/strong><\/p>\n<p>La Commission Europ\u00e9enne met la pression sur les diff\u00e9rents \u00e9tats membres afin de permettre la libre concurrence dans tous les secteurs, et ceci pas uniquement sur le plan national, mais bien au sein de l&#8217;Union europ\u00e9enne enti\u00e8re.<\/p>\n<p>Il en d\u00e9coule que la tarification dans sa forme actuelle devrait \u00eatre supprim\u00e9e afin que la concurrence puisse s&#8217;exercer librement. La loi r\u00e9glant le lieu de r\u00e9sidence des notaires devrait \u00e9galement \u00eatre abolie afin qu&#8217;il y ait une libert\u00e9 d&#8217;\u00e9tablissement pour quiconque satisfait aux conditions requises.<\/p>\n<p>La Commission europ\u00e9enne est convaincue qu&#8217;il y aurait ainsi plus de notaires et que cela g\u00e9n\u00e9rerait plus d&#8217;emplois.<\/p>\n<p>Nous avons entretemps pu voir ce que ceci a engendr\u00e9 aux Pays-Bas et en Italie.<\/p>\n<p>Aux Pays-Bas, il y a \u00e0 pr\u00e9sent environ 10% de notaires en moins depuis cette r\u00e9forme et plus d&#8217;un tiers de personnel en moins.<\/p>\n<p>Il y a moins de notaires parce que plusieurs \u00e9tudes ont d\u00fb d\u00e9poser leur bilan et qu&#8217;\u00e0 cause des rentr\u00e9es moindres il y a eu une vague de licenciements.<\/p>\n<p>De plus, un certain nombre de notaires aux Pays-Bas ont \u00e9t\u00e9 mis sous tutelle financi\u00e8re parce que leurs affaires p\u00e9riclitaient.<\/p>\n<p>En Italie, la situation est encore plus catastrophique. En partie \u00e0 cause de la crise financi\u00e8re \u00e0 laquelle s&#8217;est ajout\u00e9e la r\u00e9forme du notariat, le personnel des \u00e9tudes en Italie est pass\u00e9 d&#8217;environ 70.000 \u00e0 moins de 30.000 employ\u00e9s.<\/p>\n<p>De plus, on voulait instaurer en Italie une deuxi\u00e8me r\u00e9forme, permettant entre autres que certaines transactions immobili\u00e8res puissent \u00eatre act\u00e9es par des avocats et d\u2019autres professions juridiques (des transactions jusque 100.000\u20ac).<\/p>\n<p>[\/et_pb_text][\/et_pb_column][et_pb_column type=&#8221;1_2&#8243; admin_label=&#8221;Column&#8221; _builder_version=&#8221;4.16&#8243; _module_preset=&#8221;default&#8221; custom_padding=&#8221;||||false|false&#8221; global_colors_info=&#8221;{}&#8221;][et_pb_image src=&#8221;https:\/\/notarisklerken-basoche.be\/wp-content\/uploads\/bestuursorgaan-CPNUE.jpg&#8221; title_text=&#8221;bestuursorgaan-CPNUE&#8221; admin_label=&#8221;Image&#8221; _builder_version=&#8221;4.16&#8243; _module_preset=&#8221;default&#8221; transform_scale_tablet=&#8221;&#8221; transform_scale_phone=&#8221;&#8221; transform_scale_last_edited=&#8221;on|desktop&#8221; transform_translate=&#8221;-20px|30px&#8221; transform_translate_tablet=&#8221;0px|0px&#8221; transform_translate_phone=&#8221;0px|0px&#8221; transform_translate_last_edited=&#8221;on|desktop&#8221; transform_translate_linked=&#8221;off&#8221; transform_rotate_tablet=&#8221;&#8221; transform_rotate_phone=&#8221;&#8221; transform_rotate_last_edited=&#8221;on|desktop&#8221; transform_skew_tablet=&#8221;&#8221; transform_skew_phone=&#8221;&#8221; transform_skew_last_edited=&#8221;on|desktop&#8221; transform_origin_tablet=&#8221;&#8221; transform_origin_phone=&#8221;&#8221; transform_origin_last_edited=&#8221;on|desktop&#8221; transform_styles_last_edited=&#8221;on|desktop&#8221; positioning=&#8221;relative&#8221; custom_margin=&#8221;0px|0px|0px|0px|false|false&#8221; custom_padding=&#8221;0px|0px|0px|0px|false|false&#8221; transform_styles_tablet=&#8221;&#8221; transform_styles_phone=&#8221;&#8221; global_colors_info=&#8221;{}&#8221;][\/et_pb_image][\/et_pb_column][\/et_pb_row][et_pb_row column_structure=&#8221;1_2,1_2&#8243; use_custom_gutter=&#8221;on&#8221; gutter_width=&#8221;1&#8243; _builder_version=&#8221;4.16&#8243; _module_preset=&#8221;default&#8221; background_enable_image=&#8221;off&#8221; background_size=&#8221;contain&#8221; global_colors_info=&#8221;{}&#8221;][et_pb_column type=&#8221;1_2&#8243; _builder_version=&#8221;4.16&#8243; _module_preset=&#8221;default&#8221; global_colors_info=&#8221;{}&#8221;][et_pb_image src=&#8221;https:\/\/notarisklerken-basoche.be\/wp-content\/uploads\/Dagelijkst-bestuur-CPNUE.jpg&#8221; title_text=&#8221;Dagelijkst-bestuur-CPNUE&#8221; _builder_version=&#8221;4.16&#8243; _module_preset=&#8221;default&#8221; transform_translate=&#8221;20px|30px&#8221; transform_translate_tablet=&#8221;0px|0px&#8221; transform_translate_phone=&#8221;0px|0px&#8221; transform_translate_last_edited=&#8221;on|desktop&#8221; transform_translate_linked=&#8221;off&#8221; positioning=&#8221;relative&#8221; z_index=&#8221;2&#8243; width=&#8221;100%&#8221; custom_margin=&#8221;0px|0px|0px|0px|false|false&#8221; custom_padding=&#8221;0px|0px|0px|0px|false|false&#8221; global_colors_info=&#8221;{}&#8221;][\/et_pb_image][\/et_pb_column][et_pb_column type=&#8221;1_2&#8243; _builder_version=&#8221;4.16&#8243; _module_preset=&#8221;default&#8221; global_colors_info=&#8221;{}&#8221;][et_pb_text quote_border_color=&#8221;#D5AF00&#8243; _builder_version=&#8221;4.17.3&#8243; _module_preset=&#8221;default&#8221; text_font=&#8221;|300|||||||&#8221; quote_font=&#8221;||||||||&#8221; quote_text_align=&#8221;left&#8221; quote_font_size=&#8221;16px&#8221; background_color=&#8221;#FFFFFF&#8221; z_index=&#8221;0&#8243; custom_padding=&#8221;50px|50px|50px|50px|true|true&#8221; custom_padding_tablet=&#8221;50px|50px|50px|50px|true|true&#8221; custom_padding_phone=&#8221;30px|30px|30px|30px|true|true&#8221; custom_padding_last_edited=&#8221;on|desktop&#8221; box_shadow_style=&#8221;preset1&#8243; box_shadow_vertical=&#8221;0px&#8221; box_shadow_blur=&#8221;70px&#8221; box_shadow_color=&#8221;rgba(0,0,0,0.14)&#8221; global_colors_info=&#8221;{}&#8221;]<strong>C&#8217;est pourquoi il est important que la CPNUE existe et joue un r\u00f4le de d\u00e9fense du Notariat Latin.<\/strong><\/p>\n<p>La CPNUE se met en rapport avec les instances europ\u00e9ennes et, si possible de concert avec la CNUE.Pour ce faire le conseil se r\u00e9unit 3 \u00e0 4 fois par an et, dans l&#8217;intervalle, on tient \u00e9galement des r\u00e9unions avec la CNUE et d&#8217;autres.<\/p>\n<p>Pour le futur un deuxi\u00e8me aspect est important : le volet social de nos collaborateurs ne peut pas \u00eatre perdu de vue.A cet effet des contacts ont \u00e9t\u00e9 pris avec Uni Europa, un organe superviseur qui pourra nous soutenir dans une concertation sociale au niveau europ\u00e9en.<\/p>\n<blockquote><p><strong>Nous esp\u00e9rons que chaque collaborateur notarial se rendra compte de l&#8217;importance de l&#8217;enjeu et voudra nous apporter son soutien afin de maintenir le Notariat latin et de garantir l&#8217;emploi de plus de 160.000 collaborateurs en Europe.<\/strong><\/p><\/blockquote>\n<p>&nbsp;<\/p>\n<p><strong><em>RASSCHAERT LUDWIG<br \/>\n<\/em><\/strong><em>Vice-Pr\u00e9sident et Secr\u00e9taire G\u00e9n\u00e9ral CPNUE<\/em>[\/et_pb_text][\/et_pb_column][\/et_pb_row][\/et_pb_section]<\/p>\n","protected":false},"excerpt":{"rendered":"<p>CPNUELe 09 avril 2011, l&#8217;acte constitutif de l&#8217;association de laConf\u00e9d\u00e9ration du Personnel des Notariats de l&#8217;Union Europ\u00e9enne en abr\u00e9g\u00e9 CPNUE L&#8217;id\u00e9e de cette association europ\u00e9enne est n\u00e9e dans l&#8217;esprit de notre secr\u00e9taire national, M. Ludwig Rasschaert, lors de notre congr\u00e8s de 2005. A cette occasion, en plus des d\u00e9l\u00e9gations traditionnelles des Pays-Bas et de la [&hellip;]<\/p>\n","protected":false},"author":2,"featured_media":0,"parent":0,"menu_order":0,"comment_status":"closed","ping_status":"closed","template":"","meta":{"_et_pb_use_builder":"on","_et_pb_old_content":"","_et_gb_content_width":"","footnotes":""},"class_list":["post-225526","page","type-page","status-publish","hentry"],"yoast_head":"<!-- This site is optimized with the Yoast SEO plugin v27.4 - https:\/\/yoast.com\/product\/yoast-seo-wordpress\/ -->\n<title>CPNUE - NotarisKlerken Basoche<\/title>\n<meta name=\"robots\" content=\"index, follow, max-snippet:-1, max-image-preview:large, max-video-preview:-1\" \/>\n<link rel=\"canonical\" href=\"https:\/\/notarisklerken-basoche.be\/fr\/cpnue\/\" \/>\n<meta property=\"og:locale\" content=\"fr_FR\" \/>\n<meta property=\"og:type\" content=\"article\" \/>\n<meta property=\"og:title\" content=\"CPNUE - NotarisKlerken Basoche\" \/>\n<meta property=\"og:description\" content=\"CPNUELe 09 avril 2011, l&#039;acte constitutif de l&#039;association de laConf\u00e9d\u00e9ration du Personnel des Notariats de l&#039;Union Europ\u00e9enne en abr\u00e9g\u00e9 CPNUE L&#039;id\u00e9e de cette association europ\u00e9enne est n\u00e9e dans l&#039;esprit de notre secr\u00e9taire national, M. Ludwig Rasschaert, lors de notre congr\u00e8s de 2005. A cette occasion, en plus des d\u00e9l\u00e9gations traditionnelles des Pays-Bas et de la [&hellip;]\" \/>\n<meta property=\"og:url\" content=\"https:\/\/notarisklerken-basoche.be\/fr\/cpnue\/\" \/>\n<meta property=\"og:site_name\" content=\"NotarisKlerken Basoche\" \/>\n<meta property=\"article:modified_time\" content=\"2022-08-22T13:35:44+00:00\" \/>\n<meta name=\"twitter:card\" content=\"summary_large_image\" \/>\n<meta name=\"twitter:label1\" content=\"Dur\u00e9e de lecture estim\u00e9e\" \/>\n\t<meta name=\"twitter:data1\" content=\"16 minutes\" \/>\n<script type=\"application\/ld+json\" class=\"yoast-schema-graph\">{\"@context\":\"https:\\\/\\\/schema.org\",\"@graph\":[{\"@type\":\"WebPage\",\"@id\":\"https:\\\/\\\/notarisklerken-basoche.be\\\/fr\\\/cpnue\\\/\",\"url\":\"https:\\\/\\\/notarisklerken-basoche.be\\\/fr\\\/cpnue\\\/\",\"name\":\"CPNUE - NotarisKlerken Basoche\",\"isPartOf\":{\"@id\":\"https:\\\/\\\/notarisklerken-basoche.be\\\/#website\"},\"datePublished\":\"2022-01-05T13:02:30+00:00\",\"dateModified\":\"2022-08-22T13:35:44+00:00\",\"breadcrumb\":{\"@id\":\"https:\\\/\\\/notarisklerken-basoche.be\\\/fr\\\/cpnue\\\/#breadcrumb\"},\"inLanguage\":\"fr-FR\",\"potentialAction\":[{\"@type\":\"ReadAction\",\"target\":[\"https:\\\/\\\/notarisklerken-basoche.be\\\/fr\\\/cpnue\\\/\"]}]},{\"@type\":\"BreadcrumbList\",\"@id\":\"https:\\\/\\\/notarisklerken-basoche.be\\\/fr\\\/cpnue\\\/#breadcrumb\",\"itemListElement\":[{\"@type\":\"ListItem\",\"position\":1,\"name\":\"Home\",\"item\":\"https:\\\/\\\/notarisklerken-basoche.be\\\/fr\\\/\"},{\"@type\":\"ListItem\",\"position\":2,\"name\":\"CPNUE\"}]},{\"@type\":\"WebSite\",\"@id\":\"https:\\\/\\\/notarisklerken-basoche.be\\\/#website\",\"url\":\"https:\\\/\\\/notarisklerken-basoche.be\\\/\",\"name\":\"NotarisKlerken Basoche\",\"description\":\"De Nationale Beroepsvereniging van het Notarispersoneel\",\"publisher\":{\"@id\":\"https:\\\/\\\/notarisklerken-basoche.be\\\/#organization\"},\"potentialAction\":[{\"@type\":\"SearchAction\",\"target\":{\"@type\":\"EntryPoint\",\"urlTemplate\":\"https:\\\/\\\/notarisklerken-basoche.be\\\/?s={search_term_string}\"},\"query-input\":{\"@type\":\"PropertyValueSpecification\",\"valueRequired\":true,\"valueName\":\"search_term_string\"}}],\"inLanguage\":\"fr-FR\"},{\"@type\":\"Organization\",\"@id\":\"https:\\\/\\\/notarisklerken-basoche.be\\\/#organization\",\"name\":\"NotarisKlerken Basoche\",\"url\":\"https:\\\/\\\/notarisklerken-basoche.be\\\/\",\"logo\":{\"@type\":\"ImageObject\",\"inLanguage\":\"fr-FR\",\"@id\":\"https:\\\/\\\/notarisklerken-basoche.be\\\/#\\\/schema\\\/logo\\\/image\\\/\",\"url\":\"https:\\\/\\\/notarisklerken-basoche.be\\\/wp-content\\\/uploads\\\/2022\\\/01\\\/notarisklerken-basoche-logo.png\",\"contentUrl\":\"https:\\\/\\\/notarisklerken-basoche.be\\\/wp-content\\\/uploads\\\/2022\\\/01\\\/notarisklerken-basoche-logo.png\",\"width\":336,\"height\":168,\"caption\":\"NotarisKlerken Basoche\"},\"image\":{\"@id\":\"https:\\\/\\\/notarisklerken-basoche.be\\\/#\\\/schema\\\/logo\\\/image\\\/\"}}]}<\/script>\n<!-- \/ Yoast SEO plugin. -->","yoast_head_json":{"title":"CPNUE - NotarisKlerken Basoche","robots":{"index":"index","follow":"follow","max-snippet":"max-snippet:-1","max-image-preview":"max-image-preview:large","max-video-preview":"max-video-preview:-1"},"canonical":"https:\/\/notarisklerken-basoche.be\/fr\/cpnue\/","og_locale":"fr_FR","og_type":"article","og_title":"CPNUE - NotarisKlerken Basoche","og_description":"CPNUELe 09 avril 2011, l'acte constitutif de l'association de laConf\u00e9d\u00e9ration du Personnel des Notariats de l'Union Europ\u00e9enne en abr\u00e9g\u00e9 CPNUE L'id\u00e9e de cette association europ\u00e9enne est n\u00e9e dans l'esprit de notre secr\u00e9taire national, M. Ludwig Rasschaert, lors de notre congr\u00e8s de 2005. A cette occasion, en plus des d\u00e9l\u00e9gations traditionnelles des Pays-Bas et de la [&hellip;]","og_url":"https:\/\/notarisklerken-basoche.be\/fr\/cpnue\/","og_site_name":"NotarisKlerken Basoche","article_modified_time":"2022-08-22T13:35:44+00:00","twitter_card":"summary_large_image","twitter_misc":{"Dur\u00e9e de lecture estim\u00e9e":"16 minutes"},"schema":{"@context":"https:\/\/schema.org","@graph":[{"@type":"WebPage","@id":"https:\/\/notarisklerken-basoche.be\/fr\/cpnue\/","url":"https:\/\/notarisklerken-basoche.be\/fr\/cpnue\/","name":"CPNUE - NotarisKlerken Basoche","isPartOf":{"@id":"https:\/\/notarisklerken-basoche.be\/#website"},"datePublished":"2022-01-05T13:02:30+00:00","dateModified":"2022-08-22T13:35:44+00:00","breadcrumb":{"@id":"https:\/\/notarisklerken-basoche.be\/fr\/cpnue\/#breadcrumb"},"inLanguage":"fr-FR","potentialAction":[{"@type":"ReadAction","target":["https:\/\/notarisklerken-basoche.be\/fr\/cpnue\/"]}]},{"@type":"BreadcrumbList","@id":"https:\/\/notarisklerken-basoche.be\/fr\/cpnue\/#breadcrumb","itemListElement":[{"@type":"ListItem","position":1,"name":"Home","item":"https:\/\/notarisklerken-basoche.be\/fr\/"},{"@type":"ListItem","position":2,"name":"CPNUE"}]},{"@type":"WebSite","@id":"https:\/\/notarisklerken-basoche.be\/#website","url":"https:\/\/notarisklerken-basoche.be\/","name":"NotarisKlerken Basoche","description":"De Nationale Beroepsvereniging van het Notarispersoneel","publisher":{"@id":"https:\/\/notarisklerken-basoche.be\/#organization"},"potentialAction":[{"@type":"SearchAction","target":{"@type":"EntryPoint","urlTemplate":"https:\/\/notarisklerken-basoche.be\/?s={search_term_string}"},"query-input":{"@type":"PropertyValueSpecification","valueRequired":true,"valueName":"search_term_string"}}],"inLanguage":"fr-FR"},{"@type":"Organization","@id":"https:\/\/notarisklerken-basoche.be\/#organization","name":"NotarisKlerken Basoche","url":"https:\/\/notarisklerken-basoche.be\/","logo":{"@type":"ImageObject","inLanguage":"fr-FR","@id":"https:\/\/notarisklerken-basoche.be\/#\/schema\/logo\/image\/","url":"https:\/\/notarisklerken-basoche.be\/wp-content\/uploads\/2022\/01\/notarisklerken-basoche-logo.png","contentUrl":"https:\/\/notarisklerken-basoche.be\/wp-content\/uploads\/2022\/01\/notarisklerken-basoche-logo.png","width":336,"height":168,"caption":"NotarisKlerken Basoche"},"image":{"@id":"https:\/\/notarisklerken-basoche.be\/#\/schema\/logo\/image\/"}}]}},"_links":{"self":[{"href":"https:\/\/notarisklerken-basoche.be\/fr\/wp-json\/wp\/v2\/pages\/225526","targetHints":{"allow":["GET"]}}],"collection":[{"href":"https:\/\/notarisklerken-basoche.be\/fr\/wp-json\/wp\/v2\/pages"}],"about":[{"href":"https:\/\/notarisklerken-basoche.be\/fr\/wp-json\/wp\/v2\/types\/page"}],"author":[{"embeddable":true,"href":"https:\/\/notarisklerken-basoche.be\/fr\/wp-json\/wp\/v2\/users\/2"}],"replies":[{"embeddable":true,"href":"https:\/\/notarisklerken-basoche.be\/fr\/wp-json\/wp\/v2\/comments?post=225526"}],"version-history":[{"count":10,"href":"https:\/\/notarisklerken-basoche.be\/fr\/wp-json\/wp\/v2\/pages\/225526\/revisions"}],"predecessor-version":[{"id":226005,"href":"https:\/\/notarisklerken-basoche.be\/fr\/wp-json\/wp\/v2\/pages\/225526\/revisions\/226005"}],"wp:attachment":[{"href":"https:\/\/notarisklerken-basoche.be\/fr\/wp-json\/wp\/v2\/media?parent=225526"}],"curies":[{"name":"wp","href":"https:\/\/api.w.org\/{rel}","templated":true}]}}